{"id":1198,"date":"2022-09-15T11:09:10","date_gmt":"2022-09-15T11:09:10","guid":{"rendered":"http:\/\/grazzia.es\/?page_id=1198"},"modified":"2022-09-16T10:15:13","modified_gmt":"2022-09-16T10:15:13","slug":"alquiler","status":"publish","type":"page","link":"http:\/\/grazzia.es\/?page_id=1198","title":{"rendered":"Alquiler"},"content":{"rendered":"<h1>Alquiler<\/h1>\n<div>\n\n    \n    <div class=\"es-wrap yootheme\">\n                    \n    <form method=\"GET\" action=\"http:\/\/grazzia.es\/index.php?rest_route=%2Fwp%2Fv2%2Fpages%2F1198\" class=\"es-dropdown-container\">\n        <select class=\"js-es-select2-sort js-es-change-submit\" name=\"redirect_view_sort\">\n                            <option value=\"recent\"  selected='selected'>M\u00e1s reciente<\/option>\n                            <option value=\"highest_price\" >Precio m\u00e1s alto<\/option>\n                            <option value=\"lowest_price\" >Precio m\u00e1s bajo<\/option>\n                            <option value=\"featured\" >Destacado<\/option>\n                    <\/select>\n        <input type=\"hidden\" name=\"shortcode_identifier\" value=\"1\"\/>\n    <\/form>\n                <div class=\"es-listing es-layout-3_col\" data-layout=\"es-layout-3_col\">\n                            \n<div id=\"post-18015\" class=\"properties post-18015 type-properties status-publish has-post-thumbnail hentry es_category-alquiler es_status-excelente es_type-chalet-adosado es_feature-urbanizacion\">\n    <div class=\"es-property-inner\">\n        <div class=\"es-property-thumbnail\">\n            <div class=\"es-thumbnail\">\n                <a href=\"http:\/\/grazzia.es\/?properties=chalet-adosado-urbanizacion-los-altos-del-burgo-calle-jerez-las-rozas\">\n                                            <img loading=\"lazy\" decoding=\"async\" width=\"536\" height=\"370\" src=\"http:\/\/grazzia.es\/wp-content\/uploads\/2026\/04\/Losaltos-4717-536x370.jpg\" class=\"attachment-es-image-size-archive size-es-image-size-archive\" alt=\"\" \/>                    \n                                            <ul class=\"es-property-label-wrap\">\n                                                                                                                                                                                                                                                                                                                                                                                                                                                                                        <\/ul>\n                    \t                                        <div class=\"es-thumbnail-bottom\">37<\/div>\n\t                                <\/a>\n            <\/div>\n        <\/div>\n\n        <div class=\"es-property-info\">\n\n            <div class=\"es-row-view\">\n                <h2>\n                    <a href=\"http:\/\/grazzia.es\/?properties=chalet-adosado-urbanizacion-los-altos-del-burgo-calle-jerez-las-rozas\">CHALET ADOSADO, URBANIZACI\u00d3N LOS ALTOS DEL BURGO ,CALLE JEREZ. LAS ROZAS.<\/a>\n                    <span class=\"es-price\">2.300 \u20ac<\/span>                <\/h2>\n            <\/div>\n\n            <div class=\"es-col-view\">\n                <h2>\n                    <a class=\"es-property-link\" href=\"http:\/\/grazzia.es\/?properties=chalet-adosado-urbanizacion-los-altos-del-burgo-calle-jerez-las-rozas\">CHALET ADOSADO, URBANIZACI\u00d3N LOS ALTOS DEL BURGO ,CALLE JEREZ. LAS ROZAS.<\/a>\n\t                <a href='#' class='js-es-wishlist-button' data-id='18015' data-method='add'><i class='fa fa-heart-o' aria-hidden='true'><\/i><\/a>                <\/h2>\n\t            <span class=\"es-price\">2.300 \u20ac<\/span>            <\/div>\n\n\t        \n            <div class=\"es-property-content\">\n                <div class=\"es-property-excerpt\">\n\t\t            <p>\u00bfQUIERES VIVIR EN LA CASA DE TUS SUE\u00d1OS? GRAZZIA PERSONAL REAL ESTATE ofrece: Este fant\u00e1stico CHAL\u00c9T en Alquiler de 4 dormitorios, ubicado en una de las mejores zonas residenciales de LAS ROZAS. , LOS ALTOS DEL BURGO CARACTER\u00cdSTICAS PRINCIPALES Chalet adosado de 4 plantas, se encuentra en un entorno privilegiado y muy tranquilo, en la [&hellip;]<\/p>\n                <\/div>\n                <div class=\"es-property-wishlist\">\n\t\t            <a href='#' class='js-es-wishlist-button' data-id='18015' data-method='add'><i class='fa fa-heart-o' aria-hidden='true'><\/i><\/a>                <\/div>\n            <\/div>\n\n            \n            <div class=\"es-bottom-info\">\n                \t\t\t<div class=\"es-bottom-icon__list\">\t\t\t\t\t\t<span class=\"es-bottom-icon\">\n                            \t                            <span class=\"es-meta-icon es-meta-icon--area\" style=\"background-image: url(http:\/\/grazzia.es\/wp-content\/plugins\/estatik-pro_3.11.8\/assets\/images\/squirefit_icon.png);\"><\/span>\n                            \t\t\t\t\t\t\t230 m\u00b2                        <\/span>\n\t\t\t\t\t\t\t\t\t\t\t\t\t\t\t<span class=\"es-bottom-icon\">\n                            \t                            <span class=\"es-meta-icon es-meta-icon--bedrooms\" style=\"background-image: url(http:\/\/grazzia.es\/wp-content\/plugins\/estatik-pro_3.11.8\/assets\/images\/bed_icon.png);\"><\/span>\n                            \t\t\t\t\t\t\t4 \u0441uartos                        <\/span>\n\t\t\t\t\t\t\t\t\t\t\t\t\t\t\t<span class=\"es-bottom-icon\">\n                            \t                            <span class=\"es-meta-icon es-meta-icon--bathrooms\" style=\"background-image: url(http:\/\/grazzia.es\/wp-content\/plugins\/estatik-pro_3.11.8\/assets\/images\/bath_icon.png);\"><\/span>\n                            \t\t\t\t\t\t\t4 ba\u00f1os                        <\/span>\n\t\t\t\t\t\t\t\t\t<\/div>\n\t\t\n                <div class=\"es-details-wrap\">\n                    <div class=\"es-details-flex\">\n                                                <span class=\"es-read-wrap\">\n                            <a href=\"http:\/\/grazzia.es\/?properties=chalet-adosado-urbanizacion-los-altos-del-burgo-calle-jerez-las-rozas\" class=\"es-button es-button-orange es-hover-show es-read\">Detalles<\/a>\n                        <\/span>\n                    <\/div>\n                <\/div>\n            <\/div>\n        <\/div>\n\n    <\/div>\n<\/div>\n                            \n<div id=\"post-17484\" class=\"properties post-17484 type-properties status-publish has-post-thumbnail hentry es_category-alquiler es_status-excelente es_type-piso-1a-exterior es_feature-urbanizacion\">\n    <div class=\"es-property-inner\">\n        <div class=\"es-property-thumbnail\">\n            <div class=\"es-thumbnail\">\n                <a href=\"http:\/\/grazzia.es\/?properties=17484\">\n                                            <img loading=\"lazy\" decoding=\"async\" width=\"536\" height=\"370\" src=\"http:\/\/grazzia.es\/wp-content\/uploads\/2025\/03\/WhatsApp-Image-2025-03-05-at-10.23.45-536x370.jpeg\" class=\"attachment-es-image-size-archive size-es-image-size-archive\" alt=\"\" \/>                    \n                                            <ul class=\"es-property-label-wrap\">\n                                                                                                <li class=\"es-property-label es-property-label-28 es-property-label-alquilado\"\n                                        style=\"color:#ff40ff\">ALQUILADO<\/li><br>\n                                                                                                                                                                                                                                                                                                                                                                                                                                                            <\/ul>\n                    \t                                        <div class=\"es-thumbnail-bottom\">11<\/div>\n\t                                <\/a>\n            <\/div>\n        <\/div>\n\n        <div class=\"es-property-info\">\n\n            <div class=\"es-row-view\">\n                <h2>\n                    <a href=\"http:\/\/grazzia.es\/?properties=17484\">PISO EN ALQUILER EN AVENIDA DE EUROPA , POZUELO<\/a>\n                    <span class=\"es-price\">1.500 \u20ac<\/span>                <\/h2>\n            <\/div>\n\n            <div class=\"es-col-view\">\n                <h2>\n                    <a class=\"es-property-link\" href=\"http:\/\/grazzia.es\/?properties=17484\">PISO EN ALQUILER EN AVENIDA DE EUROPA , POZUELO<\/a>\n\t                <a href='#' class='js-es-wishlist-button' data-id='17484' data-method='add'><i class='fa fa-heart-o' aria-hidden='true'><\/i><\/a>                <\/h2>\n\t            <span class=\"es-price\">1.500 \u20ac<\/span>            <\/div>\n\n\t        \n            <div class=\"es-property-content\">\n                <div class=\"es-property-excerpt\">\n\t\t            <p>GRAZZIA PERSONAL REAL ESTATE ofrece en exclusiva: Este fant\u00e1stico Piso de 2 dormitorios ubicado la Avenida de Europa, en una de las mejores zonas residenciales de Pozuelo de Alarc\u00f3n. CARACTER\u00cdSTICAS PRINCIPALES Se trata de una vivienda sin amueblar muy luminosa, en una 1\u00aa planta exterior, de 85 M2 aprox. Este piso se encuentra en una [&hellip;]<\/p>\n                <\/div>\n                <div class=\"es-property-wishlist\">\n\t\t            <a href='#' class='js-es-wishlist-button' data-id='17484' data-method='add'><i class='fa fa-heart-o' aria-hidden='true'><\/i><\/a>                <\/div>\n            <\/div>\n\n            \n            <div class=\"es-bottom-info\">\n                \t\t\t<div class=\"es-bottom-icon__list\">\t\t\t\t\t\t<span class=\"es-bottom-icon\">\n                            \t                            <span class=\"es-meta-icon es-meta-icon--area\" style=\"background-image: url(http:\/\/grazzia.es\/wp-content\/plugins\/estatik-pro_3.11.8\/assets\/images\/squirefit_icon.png);\"><\/span>\n                            \t\t\t\t\t\t\t85 m\u00b2                        <\/span>\n\t\t\t\t\t\t\t\t\t\t\t\t\t\t\t<span class=\"es-bottom-icon\">\n                            \t                            <span class=\"es-meta-icon es-meta-icon--bedrooms\" style=\"background-image: url(http:\/\/grazzia.es\/wp-content\/plugins\/estatik-pro_3.11.8\/assets\/images\/bed_icon.png);\"><\/span>\n                            \t\t\t\t\t\t\t2 \u0441uartos                        <\/span>\n\t\t\t\t\t\t\t\t\t\t\t\t\t\t\t<span class=\"es-bottom-icon\">\n                            \t                            <span class=\"es-meta-icon es-meta-icon--bathrooms\" style=\"background-image: url(http:\/\/grazzia.es\/wp-content\/plugins\/estatik-pro_3.11.8\/assets\/images\/bath_icon.png);\"><\/span>\n                            \t\t\t\t\t\t\t2 ba\u00f1os                        <\/span>\n\t\t\t\t\t\t\t\t\t<\/div>\n\t\t\n                <div class=\"es-details-wrap\">\n                    <div class=\"es-details-flex\">\n                                                <span class=\"es-read-wrap\">\n                            <a href=\"http:\/\/grazzia.es\/?properties=17484\" class=\"es-button es-button-orange es-hover-show es-read\">Detalles<\/a>\n                        <\/span>\n                    <\/div>\n                <\/div>\n            <\/div>\n        <\/div>\n\n    <\/div>\n<\/div>\n                            \n<div id=\"post-10310\" class=\"properties post-10310 type-properties status-publish has-post-thumbnail hentry es_category-alquiler es_status-excelente es_type-piso-exterior es_feature-centro-urbano\">\n    <div class=\"es-property-inner\">\n        <div class=\"es-property-thumbnail\">\n            <div class=\"es-thumbnail\">\n                <a href=\"http:\/\/grazzia.es\/?properties=10310\">\n                                            <img loading=\"lazy\" decoding=\"async\" width=\"536\" height=\"370\" src=\"http:\/\/grazzia.es\/wp-content\/uploads\/2024\/04\/WhatsApp-Image-2024-04-15-at-23.52.59-2-536x370.jpeg\" class=\"attachment-es-image-size-archive size-es-image-size-archive\" alt=\"\" \/>                    \n                                            <ul class=\"es-property-label-wrap\">\n                                                                                                <li class=\"es-property-label es-property-label-28 es-property-label-alquilado\"\n                                        style=\"color:#ff40ff\">ALQUILADO<\/li><br>\n                                                                                                                                                                                                                                                                                                                                                                                <li class=\"es-property-label es-property-label-21 es-property-label-reservado\"\n                                        style=\"color:#ff40ff\">RESERVADO<\/li><br>\n                                                                                                                                                <\/ul>\n                    \t                                        <div class=\"es-thumbnail-bottom\">37<\/div>\n\t                                <\/a>\n            <\/div>\n        <\/div>\n\n        <div class=\"es-property-info\">\n\n            <div class=\"es-row-view\">\n                <h2>\n                    <a href=\"http:\/\/grazzia.es\/?properties=10310\">PISO EXTERIOR EN EL CENTRO DE LAS ROZAS.<\/a>\n                    <span class=\"es-price\">1.400 \u20ac<\/span>                <\/h2>\n            <\/div>\n\n            <div class=\"es-col-view\">\n                <h2>\n                    <a class=\"es-property-link\" href=\"http:\/\/grazzia.es\/?properties=10310\">PISO EXTERIOR EN EL CENTRO DE LAS ROZAS.<\/a>\n\t                <a href='#' class='js-es-wishlist-button' data-id='10310' data-method='add'><i class='fa fa-heart-o' aria-hidden='true'><\/i><\/a>                <\/h2>\n\t            <span class=\"es-price\">1.400 \u20ac<\/span>            <\/div>\n\n\t        \n            <div class=\"es-property-content\">\n                <div class=\"es-property-excerpt\">\n\t\t            <p>\u00bfQUIERES VIVIR EN LA CASA DE TUS SUE\u00d1OS? GRAZZIA PERSONAL REAL ESTATE ofrece, EN EXCLUSIVA: Este fant\u00e1stico Piso en alquiler de 2 dormitorios ubicado una de las mejores zonas residenciales de LAS ROZAS. CARACTER\u00cdSTICAS PRINCIPALES Piso muy luminoso gracias a su orientaci\u00f3n y muy c\u00f3modo en su distribuci\u00f3n. Se trata de una vivienda exterior, de [&hellip;]<\/p>\n                <\/div>\n                <div class=\"es-property-wishlist\">\n\t\t            <a href='#' class='js-es-wishlist-button' data-id='10310' data-method='add'><i class='fa fa-heart-o' aria-hidden='true'><\/i><\/a>                <\/div>\n            <\/div>\n\n            \n            <div class=\"es-bottom-info\">\n                \t\t\t<div class=\"es-bottom-icon__list\">\t\t\t\t\t\t<span class=\"es-bottom-icon\">\n                            \t                            <span class=\"es-meta-icon es-meta-icon--area\" style=\"background-image: url(http:\/\/grazzia.es\/wp-content\/plugins\/estatik-pro_3.11.8\/assets\/images\/squirefit_icon.png);\"><\/span>\n                            \t\t\t\t\t\t\t90 m\u00b2                        <\/span>\n\t\t\t\t\t\t\t\t\t\t\t\t\t\t\t<span class=\"es-bottom-icon\">\n                            \t                            <span class=\"es-meta-icon es-meta-icon--bedrooms\" style=\"background-image: url(http:\/\/grazzia.es\/wp-content\/plugins\/estatik-pro_3.11.8\/assets\/images\/bed_icon.png);\"><\/span>\n                            \t\t\t\t\t\t\t2 \u0441uartos                        <\/span>\n\t\t\t\t\t\t\t\t\t\t\t\t\t\t\t<span class=\"es-bottom-icon\">\n                            \t                            <span class=\"es-meta-icon es-meta-icon--bathrooms\" style=\"background-image: url(http:\/\/grazzia.es\/wp-content\/plugins\/estatik-pro_3.11.8\/assets\/images\/bath_icon.png);\"><\/span>\n                            \t\t\t\t\t\t\t2 ba\u00f1os                        <\/span>\n\t\t\t\t\t\t\t\t\t<\/div>\n\t\t\n                <div class=\"es-details-wrap\">\n                    <div class=\"es-details-flex\">\n                                                <span class=\"es-read-wrap\">\n                            <a href=\"http:\/\/grazzia.es\/?properties=10310\" class=\"es-button es-button-orange es-hover-show es-read\">Detalles<\/a>\n                        <\/span>\n                    <\/div>\n                <\/div>\n            <\/div>\n        <\/div>\n\n    <\/div>\n<\/div>\n                            \n<div id=\"post-10072\" class=\"properties post-10072 type-properties status-publish has-post-thumbnail hentry es_category-alquiler es_status-a-reformar es_type-locales es_feature-centro-urbano\">\n    <div class=\"es-property-inner\">\n        <div class=\"es-property-thumbnail\">\n            <div class=\"es-thumbnail\">\n                <a href=\"http:\/\/grazzia.es\/?properties=local-en-alquiler-en-rembrandt-67-quinon-sesena\">\n                                            <img loading=\"lazy\" decoding=\"async\" width=\"536\" height=\"370\" src=\"http:\/\/grazzia.es\/wp-content\/uploads\/2024\/01\/Captura-de-pantalla-2024-01-16-a-las-13.10.06-536x370.png\" class=\"attachment-es-image-size-archive size-es-image-size-archive\" alt=\"\" \/>                    \n                                            <ul class=\"es-property-label-wrap\">\n                                                                                                                                                                                                                                                                                                                                                                                                                                                                                        <\/ul>\n                    \t                                        <div class=\"es-thumbnail-bottom\">13<\/div>\n\t                                <\/a>\n            <\/div>\n        <\/div>\n\n        <div class=\"es-property-info\">\n\n            <div class=\"es-row-view\">\n                <h2>\n                    <a href=\"http:\/\/grazzia.es\/?properties=local-en-alquiler-en-rembrandt-67-quinon-sesena\">Local en alquiler en REMBRANDT 67, QUI\u00d1ON SESE\u00d1A<\/a>\n                    <span class=\"es-price\">3.500 \u20ac<\/span>                <\/h2>\n            <\/div>\n\n            <div class=\"es-col-view\">\n                <h2>\n                    <a class=\"es-property-link\" href=\"http:\/\/grazzia.es\/?properties=local-en-alquiler-en-rembrandt-67-quinon-sesena\">Local en alquiler en REMBRANDT 67, QUI\u00d1ON SESE\u00d1A<\/a>\n\t                <a href='#' class='js-es-wishlist-button' data-id='10072' data-method='add'><i class='fa fa-heart-o' aria-hidden='true'><\/i><\/a>                <\/h2>\n\t            <span class=\"es-price\">3.500 \u20ac<\/span>            <\/div>\n\n\t        \n            <div class=\"es-property-content\">\n                <div class=\"es-property-excerpt\">\n\t\t            <p>GRAZZIA PERSONAL REAL ESTATE ofrece: Este fant\u00e1stico LOCAL comercial en alquiler o venta de 680 m2, ubicado en una de las arterias principales de El Qui\u00f1on, Sese\u00f1a., Calle Rembrandt. CARACTER\u00cdSTICAS PRINCIPALES Son 6 locales unidos, a pie de calle, que cuentan con casi 50 metros de fachada. Ubicados en una de las mejores urbanizaciones de [&hellip;]<\/p>\n                <\/div>\n                <div class=\"es-property-wishlist\">\n\t\t            <a href='#' class='js-es-wishlist-button' data-id='10072' data-method='add'><i class='fa fa-heart-o' aria-hidden='true'><\/i><\/a>                <\/div>\n            <\/div>\n\n            \n            <div class=\"es-bottom-info\">\n                \t\t\t<div class=\"es-bottom-icon__list\">\t\t\t\t\t\t<span class=\"es-bottom-icon\">\n                            \t                            <span class=\"es-meta-icon es-meta-icon--area\" style=\"background-image: url(http:\/\/grazzia.es\/wp-content\/plugins\/estatik-pro_3.11.8\/assets\/images\/squirefit_icon.png);\"><\/span>\n                            \t\t\t\t\t\t\t680 m\u00b2                        <\/span>\n\t\t\t\t\t\t\t\t\t\t\t\t\t\t\t\t\t<\/div>\n\t\t\n                <div class=\"es-details-wrap\">\n                    <div class=\"es-details-flex\">\n                                                <span class=\"es-read-wrap\">\n                            <a href=\"http:\/\/grazzia.es\/?properties=local-en-alquiler-en-rembrandt-67-quinon-sesena\" class=\"es-button es-button-orange es-hover-show es-read\">Detalles<\/a>\n                        <\/span>\n                    <\/div>\n                <\/div>\n            <\/div>\n        <\/div>\n\n    <\/div>\n<\/div>\n                            \n<div id=\"post-9701\" class=\"properties post-9701 type-properties status-publish has-post-thumbnail hentry es_category-alquiler es_status-excelente es_type-piso-exterior es_feature-centro-urbano\">\n    <div class=\"es-property-inner\">\n        <div class=\"es-property-thumbnail\">\n            <div class=\"es-thumbnail\">\n                <a href=\"http:\/\/grazzia.es\/?properties=alquiler-de-piso-en-calle-jordan-20-centro-casco-historico-san-lorenzo-de-el-escorial\">\n                                            <img loading=\"lazy\" decoding=\"async\" width=\"536\" height=\"370\" src=\"http:\/\/grazzia.es\/wp-content\/uploads\/2023\/10\/Captura-de-pantalla-2023-10-04-a-las-23.22.07-536x370.png\" class=\"attachment-es-image-size-archive size-es-image-size-archive\" alt=\"\" \/>                    \n                                            <ul class=\"es-property-label-wrap\">\n                                                                                                <li class=\"es-property-label es-property-label-28 es-property-label-alquilado\"\n                                        style=\"color:#ff40ff\">ALQUILADO<\/li><br>\n                                                                                                                                                                                                                                                                                                                                                                                                                                                            <\/ul>\n                    \t                                        <div class=\"es-thumbnail-bottom\">36<\/div>\n\t                                <\/a>\n            <\/div>\n        <\/div>\n\n        <div class=\"es-property-info\">\n\n            <div class=\"es-row-view\">\n                <h2>\n                    <a href=\"http:\/\/grazzia.es\/?properties=alquiler-de-piso-en-calle-jordan-20-centro-casco-historico-san-lorenzo-de-el-escorial\">Alquiler de Piso en calle Jordan, 20 Centro &#8211; Casco Hist\u00f3rico, San Lorenzo de El Escorial<\/a>\n                    <span class=\"es-price\">900 \u20ac<\/span>                <\/h2>\n            <\/div>\n\n            <div class=\"es-col-view\">\n                <h2>\n                    <a class=\"es-property-link\" href=\"http:\/\/grazzia.es\/?properties=alquiler-de-piso-en-calle-jordan-20-centro-casco-historico-san-lorenzo-de-el-escorial\">Alquiler de Piso en calle Jordan, 20 Centro &#8211; Casco Hist\u00f3rico, San Lorenzo de El Escorial<\/a>\n\t                <a href='#' class='js-es-wishlist-button' data-id='9701' data-method='add'><i class='fa fa-heart-o' aria-hidden='true'><\/i><\/a>                <\/h2>\n\t            <span class=\"es-price\">900 \u20ac<\/span>            <\/div>\n\n\t        \n            <div class=\"es-property-content\">\n                <div class=\"es-property-excerpt\">\n\t\t            <p>GRAZZIA PERSONAL REAL ESTATE ofrece: Este fant\u00e1stico Piso en Alquiler de 2 dormitorios ubicado en una de las mejores zonas residenciales de San Lorenzo del Escorial. CARACTER\u00cdSTICAS PRINCIPALES Se trata de una vivienda en una planta baja, de dise\u00f1o, totalmente reformada con altas calidades. Sin amueblar, Todo a estrenar, de 70M2 aprox. Este piso se [&hellip;]<\/p>\n                <\/div>\n                <div class=\"es-property-wishlist\">\n\t\t            <a href='#' class='js-es-wishlist-button' data-id='9701' data-method='add'><i class='fa fa-heart-o' aria-hidden='true'><\/i><\/a>                <\/div>\n            <\/div>\n\n            \n            <div class=\"es-bottom-info\">\n                \t\t\t<div class=\"es-bottom-icon__list\">\t\t\t\t\t\t<span class=\"es-bottom-icon\">\n                            \t                            <span class=\"es-meta-icon es-meta-icon--area\" style=\"background-image: url(http:\/\/grazzia.es\/wp-content\/plugins\/estatik-pro_3.11.8\/assets\/images\/squirefit_icon.png);\"><\/span>\n                            \t\t\t\t\t\t\t73 m\u00b2                        <\/span>\n\t\t\t\t\t\t\t\t\t\t\t\t\t\t\t<span class=\"es-bottom-icon\">\n                            \t                            <span class=\"es-meta-icon es-meta-icon--bedrooms\" style=\"background-image: url(http:\/\/grazzia.es\/wp-content\/plugins\/estatik-pro_3.11.8\/assets\/images\/bed_icon.png);\"><\/span>\n                            \t\t\t\t\t\t\t2 \u0441uartos                        <\/span>\n\t\t\t\t\t\t\t\t\t\t\t\t\t\t\t<span class=\"es-bottom-icon\">\n                            \t                            <span class=\"es-meta-icon es-meta-icon--bathrooms\" style=\"background-image: url(http:\/\/grazzia.es\/wp-content\/plugins\/estatik-pro_3.11.8\/assets\/images\/bath_icon.png);\"><\/span>\n                            \t\t\t\t\t\t\t1 ba\u00f1o                        <\/span>\n\t\t\t\t\t\t\t\t\t<\/div>\n\t\t\n                <div class=\"es-details-wrap\">\n                    <div class=\"es-details-flex\">\n                                                <span class=\"es-read-wrap\">\n                            <a href=\"http:\/\/grazzia.es\/?properties=alquiler-de-piso-en-calle-jordan-20-centro-casco-historico-san-lorenzo-de-el-escorial\" class=\"es-button es-button-orange es-hover-show es-read\">Detalles<\/a>\n                        <\/span>\n                    <\/div>\n                <\/div>\n            <\/div>\n        <\/div>\n\n    <\/div>\n<\/div>\n                            \n<div id=\"post-2931\" class=\"properties post-2931 type-properties status-publish has-post-thumbnail hentry es_category-alquiler es_category-venta es_status-excelente es_type-atico es_feature-urbanizacion\">\n    <div class=\"es-property-inner\">\n        <div class=\"es-property-thumbnail\">\n            <div class=\"es-thumbnail\">\n                <a href=\"http:\/\/grazzia.es\/?properties=atico-3-dormitorios-ubicado-en-urbanizacion-de-lujo-en-una-de-las-mejores-zonas-residenciales-de-madrid-valdebebas\">\n                                            <img loading=\"lazy\" decoding=\"async\" width=\"536\" height=\"370\" src=\"http:\/\/grazzia.es\/wp-content\/uploads\/2023\/07\/image00048-536x370.jpeg\" class=\"attachment-es-image-size-archive size-es-image-size-archive\" alt=\"\" \/>                    \n                                            <ul class=\"es-property-label-wrap\">\n                                                                                                <li class=\"es-property-label es-property-label-28 es-property-label-alquilado\"\n                                        style=\"color:#ff40ff\">ALQUILADO<\/li><br>\n                                                                                                                                                                                                                                                                                                                                                                                                                                                            <\/ul>\n                    \t                                        <div class=\"es-thumbnail-bottom\">112<\/div>\n\t                                <\/a>\n            <\/div>\n        <\/div>\n\n        <div class=\"es-property-info\">\n\n            <div class=\"es-row-view\">\n                <h2>\n                    <a href=\"http:\/\/grazzia.es\/?properties=atico-3-dormitorios-ubicado-en-urbanizacion-de-lujo-en-una-de-las-mejores-zonas-residenciales-de-madrid-valdebebas\">ATICO  3 dormitorios, ubicado en \u00abURBANIZACI\u00d3N DE LUJO\u00bb en una de las mejores zonas residenciales de Madrid, Valdebebas.<\/a>\n                    <span class=\"es-price\">1.100.000 \u20ac<\/span>                <\/h2>\n            <\/div>\n\n            <div class=\"es-col-view\">\n                <h2>\n                    <a class=\"es-property-link\" href=\"http:\/\/grazzia.es\/?properties=atico-3-dormitorios-ubicado-en-urbanizacion-de-lujo-en-una-de-las-mejores-zonas-residenciales-de-madrid-valdebebas\">ATICO  3 dormitorios, ubicado en \u00abURBANIZACI\u00d3N DE LUJO\u00bb en una de las mejores zonas residenciales de Madrid, Valdebebas.<\/a>\n\t                <a href='#' class='js-es-wishlist-button' data-id='2931' data-method='add'><i class='fa fa-heart-o' aria-hidden='true'><\/i><\/a>                <\/h2>\n\t            <span class=\"es-price\">1.100.000 \u20ac<\/span>            <\/div>\n\n\t        \n            <div class=\"es-property-content\">\n                <div class=\"es-property-excerpt\">\n\t\t            <p>\u00bfQUIERES VIVIR EN LA CASA DE TUS SUE\u00d1OS? GRAZZIA Personal Real Estate, ofrece en exclusiva: Este ESPECTACULAR ATICO de Dise\u00f1o, de 3 dormitorios, ubicado en \u00abURBANIZACI\u00d3N DE LUJO\u00bb en una de las mejores zonas residenciales de Madrid, Valdebebas. CARACTER\u00cdSTICAS PRINCIPALES Se trata de una vivienda de dise\u00f1o de 180 M2 aprox, en una 13\u00aa planta [&hellip;]<\/p>\n                <\/div>\n                <div class=\"es-property-wishlist\">\n\t\t            <a href='#' class='js-es-wishlist-button' data-id='2931' data-method='add'><i class='fa fa-heart-o' aria-hidden='true'><\/i><\/a>                <\/div>\n            <\/div>\n\n            \n            <div class=\"es-bottom-info\">\n                \t\t\t<div class=\"es-bottom-icon__list\">\t\t\t\t\t\t<span class=\"es-bottom-icon\">\n                            \t                            <span class=\"es-meta-icon es-meta-icon--area\" style=\"background-image: url(http:\/\/grazzia.es\/wp-content\/plugins\/estatik-pro_3.11.8\/assets\/images\/squirefit_icon.png);\"><\/span>\n                            \t\t\t\t\t\t\t180 m\u00b2                        <\/span>\n\t\t\t\t\t\t\t\t\t\t\t\t\t\t\t<span class=\"es-bottom-icon\">\n                            \t                            <span class=\"es-meta-icon es-meta-icon--bedrooms\" style=\"background-image: url(http:\/\/grazzia.es\/wp-content\/plugins\/estatik-pro_3.11.8\/assets\/images\/bed_icon.png);\"><\/span>\n                            \t\t\t\t\t\t\t3 \u0441uartos                        <\/span>\n\t\t\t\t\t\t\t\t\t\t\t\t\t\t\t<span class=\"es-bottom-icon\">\n                            \t                            <span class=\"es-meta-icon es-meta-icon--bathrooms\" style=\"background-image: url(http:\/\/grazzia.es\/wp-content\/plugins\/estatik-pro_3.11.8\/assets\/images\/bath_icon.png);\"><\/span>\n                            \t\t\t\t\t\t\t3 ba\u00f1os                        <\/span>\n\t\t\t\t\t\t\t\t\t<\/div>\n\t\t\n                <div class=\"es-details-wrap\">\n                    <div class=\"es-details-flex\">\n                                                <span class=\"es-read-wrap\">\n                            <a href=\"http:\/\/grazzia.es\/?properties=atico-3-dormitorios-ubicado-en-urbanizacion-de-lujo-en-una-de-las-mejores-zonas-residenciales-de-madrid-valdebebas\" class=\"es-button es-button-orange es-hover-show es-read\">Detalles<\/a>\n                        <\/span>\n                    <\/div>\n                <\/div>\n            <\/div>\n        <\/div>\n\n    <\/div>\n<\/div>\n                            \n<div id=\"post-2822\" class=\"properties post-2822 type-properties status-publish has-post-thumbnail hentry es_category-alquiler es_status-excelente es_type-piso-exterior es_feature-urbanizacion\">\n    <div class=\"es-property-inner\">\n        <div class=\"es-property-thumbnail\">\n            <div class=\"es-thumbnail\">\n                <a href=\"http:\/\/grazzia.es\/?properties=piso-en-alquiler-en-calle-salvia-monte-rozas-las-rozas-de-madrid\">\n                                            <img loading=\"lazy\" decoding=\"async\" width=\"536\" height=\"370\" src=\"http:\/\/grazzia.es\/wp-content\/uploads\/2023\/06\/LasRozas-9277-536x370.jpg\" class=\"attachment-es-image-size-archive size-es-image-size-archive\" alt=\"\" \/>                    \n                                            <ul class=\"es-property-label-wrap\">\n                                                                                                                                                                                                                                                                                                                                                                                                            <li class=\"es-property-label es-property-label-21 es-property-label-reservado\"\n                                        style=\"color:#ff40ff\">RESERVADO<\/li><br>\n                                                                                                                                                <\/ul>\n                    \t                                        <div class=\"es-thumbnail-bottom\">52<\/div>\n\t                                <\/a>\n            <\/div>\n        <\/div>\n\n        <div class=\"es-property-info\">\n\n            <div class=\"es-row-view\">\n                <h2>\n                    <a href=\"http:\/\/grazzia.es\/?properties=piso-en-alquiler-en-calle-salvia-monte-rozas-las-rozas-de-madrid\">Piso en alquiler en calle Salvia  ,Monte Rozas.  Las Rozas de Madrid<\/a>\n                    <span class=\"es-price\">1.400 \u20ac<\/span>                <\/h2>\n            <\/div>\n\n            <div class=\"es-col-view\">\n                <h2>\n                    <a class=\"es-property-link\" href=\"http:\/\/grazzia.es\/?properties=piso-en-alquiler-en-calle-salvia-monte-rozas-las-rozas-de-madrid\">Piso en alquiler en calle Salvia  ,Monte Rozas.  Las Rozas de Madrid<\/a>\n\t                <a href='#' class='js-es-wishlist-button' data-id='2822' data-method='add'><i class='fa fa-heart-o' aria-hidden='true'><\/i><\/a>                <\/h2>\n\t            <span class=\"es-price\">1.400 \u20ac<\/span>            <\/div>\n\n\t        \n            <div class=\"es-property-content\">\n                <div class=\"es-property-excerpt\">\n\t\t            <p>\u00bfQUIERES VIVIR EN LA CASA DE TUS SUE\u00d1OS? GRAZZIA PERSONAL REAL ESTATE ofrece: Este fant\u00e1stico Piso en alquiler de 2 dormitorios ubicado una de las mejores zonas residenciales de LAS ROZAS. MONTE ROZAS. CARACTER\u00cdSTICAS PRINCIPALES Se trata de una vivienda exterior de 90 M2 aprox. El piso se ubica en Urbanizaci\u00f3n cerrada, familiar, en un [&hellip;]<\/p>\n                <\/div>\n                <div class=\"es-property-wishlist\">\n\t\t            <a href='#' class='js-es-wishlist-button' data-id='2822' data-method='add'><i class='fa fa-heart-o' aria-hidden='true'><\/i><\/a>                <\/div>\n            <\/div>\n\n            \n            <div class=\"es-bottom-info\">\n                \t\t\t<div class=\"es-bottom-icon__list\">\t\t\t\t\t\t<span class=\"es-bottom-icon\">\n                            \t                            <span class=\"es-meta-icon es-meta-icon--area\" style=\"background-image: url(http:\/\/grazzia.es\/wp-content\/plugins\/estatik-pro_3.11.8\/assets\/images\/squirefit_icon.png);\"><\/span>\n                            \t\t\t\t\t\t\t90 m\u00b2                        <\/span>\n\t\t\t\t\t\t\t\t\t\t\t\t\t\t\t<span class=\"es-bottom-icon\">\n                            \t                            <span class=\"es-meta-icon es-meta-icon--bedrooms\" style=\"background-image: url(http:\/\/grazzia.es\/wp-content\/plugins\/estatik-pro_3.11.8\/assets\/images\/bed_icon.png);\"><\/span>\n                            \t\t\t\t\t\t\t2 \u0441uartos                        <\/span>\n\t\t\t\t\t\t\t\t\t\t\t\t\t\t\t<span class=\"es-bottom-icon\">\n                            \t                            <span class=\"es-meta-icon es-meta-icon--bathrooms\" style=\"background-image: url(http:\/\/grazzia.es\/wp-content\/plugins\/estatik-pro_3.11.8\/assets\/images\/bath_icon.png);\"><\/span>\n                            \t\t\t\t\t\t\t2 ba\u00f1os                        <\/span>\n\t\t\t\t\t\t\t\t\t<\/div>\n\t\t\n                <div class=\"es-details-wrap\">\n                    <div class=\"es-details-flex\">\n                                                <span class=\"es-read-wrap\">\n                            <a href=\"http:\/\/grazzia.es\/?properties=piso-en-alquiler-en-calle-salvia-monte-rozas-las-rozas-de-madrid\" class=\"es-button es-button-orange es-hover-show es-read\">Detalles<\/a>\n                        <\/span>\n                    <\/div>\n                <\/div>\n            <\/div>\n        <\/div>\n\n    <\/div>\n<\/div>\n                            \n<div id=\"post-2732\" class=\"properties post-2732 type-properties status-publish has-post-thumbnail hentry es_category-alquiler es_status-excelente es_type-atico-duplex es_feature-urbanizacion\">\n    <div class=\"es-property-inner\">\n        <div class=\"es-property-thumbnail\">\n            <div class=\"es-thumbnail\">\n                <a href=\"http:\/\/grazzia.es\/?properties=atico-duplex-en-alquiler-en-urb-golf-el-carralero-majadahonda\">\n                                            <img loading=\"lazy\" decoding=\"async\" width=\"536\" height=\"370\" src=\"http:\/\/grazzia.es\/wp-content\/uploads\/2023\/05\/WhatsApp-Image-2023-05-23-at-20.09.29-5-536x370.jpeg\" class=\"attachment-es-image-size-archive size-es-image-size-archive\" alt=\"\" \/>                    \n                                            <ul class=\"es-property-label-wrap\">\n                                                                                                <li class=\"es-property-label es-property-label-28 es-property-label-alquilado\"\n                                        style=\"color:#ff40ff\">ALQUILADO<\/li><br>\n                                                                                                                                                                                                                                                                                                                                                                                                                                                            <\/ul>\n                    \t                                        <div class=\"es-thumbnail-bottom\">57<\/div>\n\t                                <\/a>\n            <\/div>\n        <\/div>\n\n        <div class=\"es-property-info\">\n\n            <div class=\"es-row-view\">\n                <h2>\n                    <a href=\"http:\/\/grazzia.es\/?properties=atico-duplex-en-alquiler-en-urb-golf-el-carralero-majadahonda\">Atico- Duplex en Alquiler en Urb. Golf el Carralero . Majadahonda<\/a>\n                    <span class=\"es-price\">2.100 \u20ac<\/span>                <\/h2>\n            <\/div>\n\n            <div class=\"es-col-view\">\n                <h2>\n                    <a class=\"es-property-link\" href=\"http:\/\/grazzia.es\/?properties=atico-duplex-en-alquiler-en-urb-golf-el-carralero-majadahonda\">Atico- Duplex en Alquiler en Urb. Golf el Carralero . Majadahonda<\/a>\n\t                <a href='#' class='js-es-wishlist-button' data-id='2732' data-method='add'><i class='fa fa-heart-o' aria-hidden='true'><\/i><\/a>                <\/h2>\n\t            <span class=\"es-price\">2.100 \u20ac<\/span>            <\/div>\n\n\t        \n            <div class=\"es-property-content\">\n                <div class=\"es-property-excerpt\">\n\t\t            <p>\u00bfQUIERES VIVIR EN LA CASA DE TUS SUE\u00d1OS? GRAZZIA PERSONAL REAL ESTATE ofrece: Este fant\u00e1stico ATICO -DUPLEX en Alquiler de 4dormitorios, con \u00abVistas Panoramicas\u00bb y ubicado en una de las mejores zonas residenciales de Majadahonda. \u00abCONSERJE SEGURIDAD 24H\u00bb CARACTER\u00cdSTICAS PRINCIPALES Se trata de una vivienda Atico-duplex amueblada muy luminosa, en una 3\u00aa planta exterior, de [&hellip;]<\/p>\n                <\/div>\n                <div class=\"es-property-wishlist\">\n\t\t            <a href='#' class='js-es-wishlist-button' data-id='2732' data-method='add'><i class='fa fa-heart-o' aria-hidden='true'><\/i><\/a>                <\/div>\n            <\/div>\n\n            \n            <div class=\"es-bottom-info\">\n                \t\t\t<div class=\"es-bottom-icon__list\">\t\t\t\t\t\t<span class=\"es-bottom-icon\">\n                            \t                            <span class=\"es-meta-icon es-meta-icon--area\" style=\"background-image: url(http:\/\/grazzia.es\/wp-content\/plugins\/estatik-pro_3.11.8\/assets\/images\/squirefit_icon.png);\"><\/span>\n                            \t\t\t\t\t\t\t173 m\u00b2                        <\/span>\n\t\t\t\t\t\t\t\t\t\t\t\t\t\t\t<span class=\"es-bottom-icon\">\n                            \t                            <span class=\"es-meta-icon es-meta-icon--bedrooms\" style=\"background-image: url(http:\/\/grazzia.es\/wp-content\/plugins\/estatik-pro_3.11.8\/assets\/images\/bed_icon.png);\"><\/span>\n                            \t\t\t\t\t\t\t4 \u0441uartos                        <\/span>\n\t\t\t\t\t\t\t\t\t\t\t\t\t\t\t<span class=\"es-bottom-icon\">\n                            \t                            <span class=\"es-meta-icon es-meta-icon--bathrooms\" style=\"background-image: url(http:\/\/grazzia.es\/wp-content\/plugins\/estatik-pro_3.11.8\/assets\/images\/bath_icon.png);\"><\/span>\n                            \t\t\t\t\t\t\t3 ba\u00f1os                        <\/span>\n\t\t\t\t\t\t\t\t\t<\/div>\n\t\t\n                <div class=\"es-details-wrap\">\n                    <div class=\"es-details-flex\">\n                                                <span class=\"es-read-wrap\">\n                            <a href=\"http:\/\/grazzia.es\/?properties=atico-duplex-en-alquiler-en-urb-golf-el-carralero-majadahonda\" class=\"es-button es-button-orange es-hover-show es-read\">Detalles<\/a>\n                        <\/span>\n                    <\/div>\n                <\/div>\n            <\/div>\n        <\/div>\n\n    <\/div>\n<\/div>\n                            \n<div id=\"post-2679\" class=\"properties post-2679 type-properties status-publish has-post-thumbnail hentry es_category-alquiler es_status-excelente es_type-piso-exterior es_feature-urbanizacion\">\n    <div class=\"es-property-inner\">\n        <div class=\"es-property-thumbnail\">\n            <div class=\"es-thumbnail\">\n                <a href=\"http:\/\/grazzia.es\/?properties=piso-en-alquiler-en-av-comunidad-de-madrid-pozuelo\">\n                                            <img loading=\"lazy\" decoding=\"async\" width=\"536\" height=\"370\" src=\"http:\/\/grazzia.es\/wp-content\/uploads\/2023\/05\/WhatsApp-Image-2023-05-23-at-22.19.22-1-536x370.jpeg\" class=\"attachment-es-image-size-archive size-es-image-size-archive\" alt=\"\" \/>                    \n                                            <ul class=\"es-property-label-wrap\">\n                                                                                                <li class=\"es-property-label es-property-label-28 es-property-label-alquilado\"\n                                        style=\"color:#ff40ff\">ALQUILADO<\/li><br>\n                                                                                                                                                                                                                                                                                                                                                                                                                                                            <\/ul>\n                    \t                                        <div class=\"es-thumbnail-bottom\">43<\/div>\n\t                                <\/a>\n            <\/div>\n        <\/div>\n\n        <div class=\"es-property-info\">\n\n            <div class=\"es-row-view\">\n                <h2>\n                    <a href=\"http:\/\/grazzia.es\/?properties=piso-en-alquiler-en-av-comunidad-de-madrid-pozuelo\">PISO EN ALQUILER EN AV. COMUNIDAD DE MADRID, POZUELO<\/a>\n                    <span class=\"es-price\">2.100 \u20ac<\/span>                <\/h2>\n            <\/div>\n\n            <div class=\"es-col-view\">\n                <h2>\n                    <a class=\"es-property-link\" href=\"http:\/\/grazzia.es\/?properties=piso-en-alquiler-en-av-comunidad-de-madrid-pozuelo\">PISO EN ALQUILER EN AV. COMUNIDAD DE MADRID, POZUELO<\/a>\n\t                <a href='#' class='js-es-wishlist-button' data-id='2679' data-method='add'><i class='fa fa-heart-o' aria-hidden='true'><\/i><\/a>                <\/h2>\n\t            <span class=\"es-price\">2.100 \u20ac<\/span>            <\/div>\n\n\t        \n            <div class=\"es-property-content\">\n                <div class=\"es-property-excerpt\">\n\t\t            <p>\u00bfQUIERES VIVIR EN LA CASA DE TUS SUE\u00d1OS? GRAZZIA PERSONAL REAL ESTATE ofrece: Este fant\u00e1stico Piso en Alquiler de 3 dormitorio ubicado en una de las mejores zonas residenciales de Pozuelo de Alarc\u00f3n. CARACTER\u00cdSTICAS PRINCIPALES Se trata de una vivienda de dise\u00f1o, totalmente reformada con altas calidades. Sin amueblar, muy luminosa, en una 2\u00aa planta [&hellip;]<\/p>\n                <\/div>\n                <div class=\"es-property-wishlist\">\n\t\t            <a href='#' class='js-es-wishlist-button' data-id='2679' data-method='add'><i class='fa fa-heart-o' aria-hidden='true'><\/i><\/a>                <\/div>\n            <\/div>\n\n            \n            <div class=\"es-bottom-info\">\n                \t\t\t<div class=\"es-bottom-icon__list\">\t\t\t\t\t\t<span class=\"es-bottom-icon\">\n                            \t                            <span class=\"es-meta-icon es-meta-icon--area\" style=\"background-image: url(http:\/\/grazzia.es\/wp-content\/plugins\/estatik-pro_3.11.8\/assets\/images\/squirefit_icon.png);\"><\/span>\n                            \t\t\t\t\t\t\t150 m\u00b2                        <\/span>\n\t\t\t\t\t\t\t\t\t\t\t\t\t\t\t<span class=\"es-bottom-icon\">\n                            \t                            <span class=\"es-meta-icon es-meta-icon--bedrooms\" style=\"background-image: url(http:\/\/grazzia.es\/wp-content\/plugins\/estatik-pro_3.11.8\/assets\/images\/bed_icon.png);\"><\/span>\n                            \t\t\t\t\t\t\t3 \u0441uartos                        <\/span>\n\t\t\t\t\t\t\t\t\t\t\t\t\t\t\t<span class=\"es-bottom-icon\">\n                            \t                            <span class=\"es-meta-icon es-meta-icon--bathrooms\" style=\"background-image: url(http:\/\/grazzia.es\/wp-content\/plugins\/estatik-pro_3.11.8\/assets\/images\/bath_icon.png);\"><\/span>\n                            \t\t\t\t\t\t\t2 ba\u00f1os                        <\/span>\n\t\t\t\t\t\t\t\t\t<\/div>\n\t\t\n                <div class=\"es-details-wrap\">\n                    <div class=\"es-details-flex\">\n                                                <span class=\"es-read-wrap\">\n                            <a href=\"http:\/\/grazzia.es\/?properties=piso-en-alquiler-en-av-comunidad-de-madrid-pozuelo\" class=\"es-button es-button-orange es-hover-show es-read\">Detalles<\/a>\n                        <\/span>\n                    <\/div>\n                <\/div>\n            <\/div>\n        <\/div>\n\n    <\/div>\n<\/div>\n                    <\/div>\n\n        \n\t<nav class=\"navigation pagination\" aria-label=\" \">\n\t\t<h2 class=\"screen-reader-text\"> <\/h2>\n\t\t<div class=\"nav-links\"><ul class='page-numbers'>\n\t<li><span aria-current=\"page\" class=\"page-numbers current\">1<\/span><\/li>\n\t<li><a class=\"page-numbers\" href=\"http:\/\/grazzia.es\/index.php\/?paged-1=2&#038;rest_route=%2Fwp%2Fv2%2Fpages%2F1198\">2<\/a><\/li>\n\t<li><a class=\"page-numbers\" href=\"http:\/\/grazzia.es\/index.php\/?paged-1=3&#038;rest_route=%2Fwp%2Fv2%2Fpages%2F1198\">3<\/a><\/li>\n\t<li><a class=\"next page-numbers\" href=\"http:\/\/grazzia.es\/index.php\/?paged-1=2&#038;rest_route=%2Fwp%2Fv2%2Fpages%2F1198\">Siguiente &raquo;<\/a><\/li>\n<\/ul>\n<\/div>\n\t<\/nav>    <\/div>\n    <div class=\"es-powered\">\n\t<p>\n\t\tDesarrollado por <a href=\"https:\/\/estatik.net\" target=\"_blank\"> Estatik <\/a>\t<\/p>\n<\/div>\n        <\/div>\n<p><!--more--><br \/>\n<!-- {\"name\":\"Venta\",\"type\":\"layout\",\"children\":[{\"type\":\"section\",\"props\":{\"style\":\"primary\",\"width\":\"large\",\"vertical_align\":\"middle\",\"title_position\":\"top-left\",\"title_rotation\":\"left\",\"title_breakpoint\":\"xl\",\"image_position\":\"center-center\",\"padding\":\"xsmall\"},\"children\":[{\"type\":\"row\",\"children\":[{\"type\":\"column\",\"props\":{\"position_sticky_breakpoint\":\"m\",\"image_position\":\"center-center\",\"media_overlay_gradient\":\"\"},\"children\":[{\"type\":\"headline\",\"props\":{\"title_element\":\"h1\",\"content\":\"Alquiler\",\"title_decoration\":\"divider\",\"title_font_family\":\"tertiary\",\"title_style\":\"h3\",\"title_color\":\"primary\"}}]}]}]},{\"type\":\"section\",\"props\":{\"style\":\"muted\",\"width\":\"default\",\"vertical_align\":\"middle\",\"title_position\":\"top-left\",\"title_rotation\":\"left\",\"title_breakpoint\":\"xl\",\"image_position\":\"center-center\"},\"children\":[{\"type\":\"row\",\"children\":[{\"type\":\"column\",\"props\":{\"position_sticky_breakpoint\":\"m\",\"image_position\":\"center-center\",\"media_overlay_gradient\":\"\"},\"children\":[{\"type\":\"html\",\"props\":{\"content\":\"[es_my_listing category=\\\"alquiler\\\"]\"}}]}]}]},{\"type\":\"section\",\"props\":{\"style\":\"primary\",\"width\":\"large\",\"vertical_align\":\"middle\",\"title_position\":\"top-left\",\"title_rotation\":\"left\",\"title_breakpoint\":\"xl\",\"image_position\":\"center-center\",\"padding\":\"xsmall\"},\"children\":[{\"type\":\"row\",\"children\":[{\"type\":\"column\",\"props\":{\"position_sticky_breakpoint\":\"m\",\"image_position\":\"center-center\",\"media_overlay_gradient\":\"\"},\"children\":[]}]}]}],\"version\":\"2.7.22\"} --><\/p>\n","protected":false},"excerpt":{"rendered":"<p>Alquiler<\/p>\n","protected":false},"author":1,"featured_media":0,"parent":0,"menu_order":0,"comment_status":"closed","ping_status":"closed","template":"","meta":{"_acf_changed":false,"footnotes":""},"class_list":["post-1198","page","type-page","status-publish","hentry"],"acf":[],"_links":{"self":[{"href":"http:\/\/grazzia.es\/index.php?rest_route=\/wp\/v2\/pages\/1198","targetHints":{"allow":["GET"]}}],"collection":[{"href":"http:\/\/grazzia.es\/index.php?rest_route=\/wp\/v2\/pages"}],"about":[{"href":"http:\/\/grazzia.es\/index.php?rest_route=\/wp\/v2\/types\/page"}],"author":[{"embeddable":true,"href":"http:\/\/grazzia.es\/index.php?rest_route=\/wp\/v2\/users\/1"}],"replies":[{"embeddable":true,"href":"http:\/\/grazzia.es\/index.php?rest_route=%2Fwp%2Fv2%2Fcomments&post=1198"}],"version-history":[{"count":6,"href":"http:\/\/grazzia.es\/index.php?rest_route=\/wp\/v2\/pages\/1198\/revisions"}],"predecessor-version":[{"id":1365,"href":"http:\/\/grazzia.es\/index.php?rest_route=\/wp\/v2\/pages\/1198\/revisions\/1365"}],"wp:attachment":[{"href":"http:\/\/grazzia.es\/index.php?rest_route=%2Fwp%2Fv2%2Fmedia&parent=1198"}],"curies":[{"name":"wp","href":"https:\/\/api.w.org\/{rel}","templated":true}]}}