{"id":1196,"date":"2022-09-15T11:08:48","date_gmt":"2022-09-15T11:08:48","guid":{"rendered":"http:\/\/grazzia.es\/?page_id=1196"},"modified":"2022-09-16T10:14:27","modified_gmt":"2022-09-16T10:14:27","slug":"venta","status":"publish","type":"page","link":"http:\/\/grazzia.es\/?page_id=1196","title":{"rendered":"Venta"},"content":{"rendered":"<h1>Venta<\/h1>\n<div>\n\n    \n    <div class=\"es-wrap yootheme\">\n                    \n    <form method=\"GET\" action=\"http:\/\/grazzia.es\/index.php?rest_route=%2Fwp%2Fv2%2Fpages%2F1196\" class=\"es-dropdown-container\">\n        <select class=\"js-es-select2-sort js-es-change-submit\" name=\"redirect_view_sort\">\n                            <option value=\"recent\"  selected='selected'>M\u00e1s reciente<\/option>\n                            <option value=\"highest_price\" >Precio m\u00e1s alto<\/option>\n                            <option value=\"lowest_price\" >Precio m\u00e1s bajo<\/option>\n                            <option value=\"featured\" >Destacado<\/option>\n                    <\/select>\n        <input type=\"hidden\" name=\"shortcode_identifier\" value=\"1\"\/>\n    <\/form>\n                <div class=\"es-listing es-layout-3_col\" data-layout=\"es-layout-3_col\">\n                            \n<div id=\"post-18009\" class=\"properties post-18009 type-properties status-publish has-post-thumbnail hentry es_category-venta es_status-bueno es_type-chalet-adosado\">\n    <div class=\"es-property-inner\">\n        <div class=\"es-property-thumbnail\">\n            <div class=\"es-thumbnail\">\n                <a href=\"http:\/\/grazzia.es\/?properties=chalet-adosado-en-urbanizacion-calle-jumilla-las-rozas\">\n                                            <img loading=\"lazy\" decoding=\"async\" width=\"536\" height=\"370\" src=\"http:\/\/grazzia.es\/wp-content\/uploads\/2026\/04\/Las-Rozas-002NGN_0013-536x370.jpg\" class=\"attachment-es-image-size-archive size-es-image-size-archive\" alt=\"\" \/>                    \n                                            <ul class=\"es-property-label-wrap\">\n                                                                                                                                                                                                                                                                                                                                                                                                                                                                        <li class=\"es-property-label es-property-label-36 es-property-label-vendido\"\n                                        style=\"color:#ff40ff\">VENDIDO<\/li><br>\n                                                                                    <\/ul>\n                    \t                                        <div class=\"es-thumbnail-bottom\">18<\/div>\n\t                                <\/a>\n            <\/div>\n        <\/div>\n\n        <div class=\"es-property-info\">\n\n            <div class=\"es-row-view\">\n                <h2>\n                    <a href=\"http:\/\/grazzia.es\/?properties=chalet-adosado-en-urbanizacion-calle-jumilla-las-rozas\">CHALET ADOSADO EN URBANIZACI\u00d3N CALLE JUMILLA .LAS ROZAS<\/a>\n                    <span class=\"es-price\">720.000 \u20ac<\/span>                <\/h2>\n            <\/div>\n\n            <div class=\"es-col-view\">\n                <h2>\n                    <a class=\"es-property-link\" href=\"http:\/\/grazzia.es\/?properties=chalet-adosado-en-urbanizacion-calle-jumilla-las-rozas\">CHALET ADOSADO EN URBANIZACI\u00d3N CALLE JUMILLA .LAS ROZAS<\/a>\n\t                <a href='#' class='js-es-wishlist-button' data-id='18009' data-method='add'><i class='fa fa-heart-o' aria-hidden='true'><\/i><\/a>                <\/h2>\n\t            <span class=\"es-price\">720.000 \u20ac<\/span>            <\/div>\n\n\t        \n            <div class=\"es-property-content\">\n                <div class=\"es-property-excerpt\">\n\t\t            <p>\u00bfQUIERES VIVIR EN LA CASA DE TUS SUE\u00d1OS? GRAZZIA PERSONAL REAL ESTATE ofrece en exclusiva: Este fant\u00e1stico CHALET en VENTA de 4 dormitorios ubicado en una de las mejores zonas residenciales de LAS ROZAS, El Burgo. \u00abSIN COMISI\u00d3N DE AGENCIA\u00bb CARACTER\u00cdSTICAS PRINCIPALES Este Chalet adosado de tres plantas, se encuentra en un entorno espectacular, en [&hellip;]<\/p>\n                <\/div>\n                <div class=\"es-property-wishlist\">\n\t\t            <a href='#' class='js-es-wishlist-button' data-id='18009' data-method='add'><i class='fa fa-heart-o' aria-hidden='true'><\/i><\/a>                <\/div>\n            <\/div>\n\n            \n            <div class=\"es-bottom-info\">\n                \t\t\t<div class=\"es-bottom-icon__list\">\t\t\t\t\t\t<span class=\"es-bottom-icon\">\n                            \t                            <span class=\"es-meta-icon es-meta-icon--area\" style=\"background-image: url(http:\/\/grazzia.es\/wp-content\/plugins\/estatik-pro_3.11.8\/assets\/images\/squirefit_icon.png);\"><\/span>\n                            \t\t\t\t\t\t\t180 m\u00b2                        <\/span>\n\t\t\t\t\t\t\t\t\t\t\t\t\t\t\t<span class=\"es-bottom-icon\">\n                            \t                            <span class=\"es-meta-icon es-meta-icon--bedrooms\" style=\"background-image: url(http:\/\/grazzia.es\/wp-content\/plugins\/estatik-pro_3.11.8\/assets\/images\/bed_icon.png);\"><\/span>\n                            \t\t\t\t\t\t\t4 \u0441uartos                        <\/span>\n\t\t\t\t\t\t\t\t\t\t\t\t\t\t\t<span class=\"es-bottom-icon\">\n                            \t                            <span class=\"es-meta-icon es-meta-icon--bathrooms\" style=\"background-image: url(http:\/\/grazzia.es\/wp-content\/plugins\/estatik-pro_3.11.8\/assets\/images\/bath_icon.png);\"><\/span>\n                            \t\t\t\t\t\t\t4 ba\u00f1os                        <\/span>\n\t\t\t\t\t\t\t\t\t<\/div>\n\t\t\n                <div class=\"es-details-wrap\">\n                    <div class=\"es-details-flex\">\n                                                <span class=\"es-read-wrap\">\n                            <a href=\"http:\/\/grazzia.es\/?properties=chalet-adosado-en-urbanizacion-calle-jumilla-las-rozas\" class=\"es-button es-button-orange es-hover-show es-read\">Detalles<\/a>\n                        <\/span>\n                    <\/div>\n                <\/div>\n            <\/div>\n        <\/div>\n\n    <\/div>\n<\/div>\n                            \n<div id=\"post-17943\" class=\"properties post-17943 type-properties status-publish has-post-thumbnail hentry es_category-venta es_status-excelente es_type-chalet-independiente es_feature-urbanizacion\">\n    <div class=\"es-property-inner\">\n        <div class=\"es-property-thumbnail\">\n            <div class=\"es-thumbnail\">\n                <a href=\"http:\/\/grazzia.es\/?properties=chalet-independiente-en-urbanizacion-la-raya-del-palancar\">\n                                            <img loading=\"lazy\" decoding=\"async\" width=\"536\" height=\"370\" src=\"http:\/\/grazzia.es\/wp-content\/uploads\/2026\/04\/LaRaya-0100NGN_0003-536x370.jpg\" class=\"attachment-es-image-size-archive size-es-image-size-archive\" alt=\"\" \/>                    \n                                            <ul class=\"es-property-label-wrap\">\n                                                                                                                                                                                                                                                                                                                                                                                                                                                                                        <\/ul>\n                    \t                                        <div class=\"es-thumbnail-bottom\">49<\/div>\n\t                                <\/a>\n            <\/div>\n        <\/div>\n\n        <div class=\"es-property-info\">\n\n            <div class=\"es-row-view\">\n                <h2>\n                    <a href=\"http:\/\/grazzia.es\/?properties=chalet-independiente-en-urbanizacion-la-raya-del-palancar\">CHALET INDEPENDIENTE EN URBANIZACI\u00d3N LA RAYA DEL PALANCAR.<\/a>\n                    <span class=\"es-price\">1.390.000 \u20ac<\/span>                <\/h2>\n            <\/div>\n\n            <div class=\"es-col-view\">\n                <h2>\n                    <a class=\"es-property-link\" href=\"http:\/\/grazzia.es\/?properties=chalet-independiente-en-urbanizacion-la-raya-del-palancar\">CHALET INDEPENDIENTE EN URBANIZACI\u00d3N LA RAYA DEL PALANCAR.<\/a>\n\t                <a href='#' class='js-es-wishlist-button' data-id='17943' data-method='add'><i class='fa fa-heart-o' aria-hidden='true'><\/i><\/a>                <\/h2>\n\t            <span class=\"es-price\">1.390.000 \u20ac<\/span>            <\/div>\n\n\t        \n            <div class=\"es-property-content\">\n                <div class=\"es-property-excerpt\">\n\t\t            <p>\u00bfQUIERES VIVIR EN LA CASA DE TUS SUE\u00d1OS? GRAZZIA PERSONAL REAL ESTATE ofrece en exclusiva: Este fant\u00e1stico Chalet independiente, moderno de altas calidades constructivas (totalmente remodelado a\u00f1o 2025), ubicada en una Urbanizaci\u00f3n de lujo,Guadalmonte La Raya del Palancar. \u00abSIN COMISI\u00d3N AL COMPRADOR\u00bb CARACTERISTICAS PRINCIPALES- Se trata de una vivienda con altas calidades totalmente reformada en [&hellip;]<\/p>\n                <\/div>\n                <div class=\"es-property-wishlist\">\n\t\t            <a href='#' class='js-es-wishlist-button' data-id='17943' data-method='add'><i class='fa fa-heart-o' aria-hidden='true'><\/i><\/a>                <\/div>\n            <\/div>\n\n            \n            <div class=\"es-bottom-info\">\n                \t\t\t<div class=\"es-bottom-icon__list\">\t\t\t\t\t\t<span class=\"es-bottom-icon\">\n                            \t                            <span class=\"es-meta-icon es-meta-icon--area\" style=\"background-image: url(http:\/\/grazzia.es\/wp-content\/plugins\/estatik-pro_3.11.8\/assets\/images\/squirefit_icon.png);\"><\/span>\n                            \t\t\t\t\t\t\t330 m\u00b2                        <\/span>\n\t\t\t\t\t\t\t\t\t\t\t\t\t\t\t<span class=\"es-bottom-icon\">\n                            \t                            <span class=\"es-meta-icon es-meta-icon--bedrooms\" style=\"background-image: url(http:\/\/grazzia.es\/wp-content\/plugins\/estatik-pro_3.11.8\/assets\/images\/bed_icon.png);\"><\/span>\n                            \t\t\t\t\t\t\t4 \u0441uartos                        <\/span>\n\t\t\t\t\t\t\t\t\t\t\t\t\t\t\t<span class=\"es-bottom-icon\">\n                            \t                            <span class=\"es-meta-icon es-meta-icon--bathrooms\" style=\"background-image: url(http:\/\/grazzia.es\/wp-content\/plugins\/estatik-pro_3.11.8\/assets\/images\/bath_icon.png);\"><\/span>\n                            \t\t\t\t\t\t\t4 ba\u00f1os                        <\/span>\n\t\t\t\t\t\t\t\t\t<\/div>\n\t\t\n                <div class=\"es-details-wrap\">\n                    <div class=\"es-details-flex\">\n                                                <span class=\"es-read-wrap\">\n                            <a href=\"http:\/\/grazzia.es\/?properties=chalet-independiente-en-urbanizacion-la-raya-del-palancar\" class=\"es-button es-button-orange es-hover-show es-read\">Detalles<\/a>\n                        <\/span>\n                    <\/div>\n                <\/div>\n            <\/div>\n        <\/div>\n\n    <\/div>\n<\/div>\n                            \n<div id=\"post-17900\" class=\"properties post-17900 type-properties status-publish has-post-thumbnail hentry es_category-venta es_status-excelente es_type-atico es_feature-urbanizacion\">\n    <div class=\"es-property-inner\">\n        <div class=\"es-property-thumbnail\">\n            <div class=\"es-thumbnail\">\n                <a href=\"http:\/\/grazzia.es\/?properties=atico-en-avenida-victimas-del-terrorismo-boadilla-valenoso\">\n                                            <img loading=\"lazy\" decoding=\"async\" width=\"536\" height=\"370\" src=\"http:\/\/grazzia.es\/wp-content\/uploads\/2026\/04\/VictiBoadi-2785-536x370.jpg\" class=\"attachment-es-image-size-archive size-es-image-size-archive\" alt=\"\" \/>                    \n                                            <ul class=\"es-property-label-wrap\">\n                                                                                                                                                                                                                                                                                                                                                                                                                                                                                        <\/ul>\n                    \t                                        <div class=\"es-thumbnail-bottom\">39<\/div>\n\t                                <\/a>\n            <\/div>\n        <\/div>\n\n        <div class=\"es-property-info\">\n\n            <div class=\"es-row-view\">\n                <h2>\n                    <a href=\"http:\/\/grazzia.es\/?properties=atico-en-avenida-victimas-del-terrorismo-boadilla-valenoso\">\u00c1TICO EN AVENIDA V\u00cdCTIMAS DEL TERRORISMO BOADILLA ,VALENOSO<\/a>\n                    <span class=\"es-price\">680.000 \u20ac<\/span>                <\/h2>\n            <\/div>\n\n            <div class=\"es-col-view\">\n                <h2>\n                    <a class=\"es-property-link\" href=\"http:\/\/grazzia.es\/?properties=atico-en-avenida-victimas-del-terrorismo-boadilla-valenoso\">\u00c1TICO EN AVENIDA V\u00cdCTIMAS DEL TERRORISMO BOADILLA ,VALENOSO<\/a>\n\t                <a href='#' class='js-es-wishlist-button' data-id='17900' data-method='add'><i class='fa fa-heart-o' aria-hidden='true'><\/i><\/a>                <\/h2>\n\t            <span class=\"es-price\">680.000 \u20ac<\/span>            <\/div>\n\n\t        \n            <div class=\"es-property-content\">\n                <div class=\"es-property-excerpt\">\n\t\t            <p>\u00bfQUIERES VIVIR EN LA CASA DE TUS SUE\u00d1OS? GRAZZIA PERSONAL REAL ESTATE ofrece en exclusiva: Este fant\u00e1stico ATICO en venta de 2 dormitorios, ubicado en una de las mejores zonas residenciales de BOADILLA DEL MONTE. \u00abSIN COMISI\u00d3N AL COMPRADOR\u00bb CARACTER\u00cdSTICAS PRINCIPALES Se trata de una vivienda con altas calidades. Sin amueblar, muy luminosa, en una [&hellip;]<\/p>\n                <\/div>\n                <div class=\"es-property-wishlist\">\n\t\t            <a href='#' class='js-es-wishlist-button' data-id='17900' data-method='add'><i class='fa fa-heart-o' aria-hidden='true'><\/i><\/a>                <\/div>\n            <\/div>\n\n            \n            <div class=\"es-bottom-info\">\n                \t\t\t<div class=\"es-bottom-icon__list\">\t\t\t\t\t\t<span class=\"es-bottom-icon\">\n                            \t                            <span class=\"es-meta-icon es-meta-icon--area\" style=\"background-image: url(http:\/\/grazzia.es\/wp-content\/plugins\/estatik-pro_3.11.8\/assets\/images\/squirefit_icon.png);\"><\/span>\n                            \t\t\t\t\t\t\t73 m\u00b2                        <\/span>\n\t\t\t\t\t\t\t\t\t\t\t\t\t\t\t<span class=\"es-bottom-icon\">\n                            \t                            <span class=\"es-meta-icon es-meta-icon--bedrooms\" style=\"background-image: url(http:\/\/grazzia.es\/wp-content\/plugins\/estatik-pro_3.11.8\/assets\/images\/bed_icon.png);\"><\/span>\n                            \t\t\t\t\t\t\t2 \u0441uartos                        <\/span>\n\t\t\t\t\t\t\t\t\t\t\t\t\t\t\t<span class=\"es-bottom-icon\">\n                            \t                            <span class=\"es-meta-icon es-meta-icon--bathrooms\" style=\"background-image: url(http:\/\/grazzia.es\/wp-content\/plugins\/estatik-pro_3.11.8\/assets\/images\/bath_icon.png);\"><\/span>\n                            \t\t\t\t\t\t\t1 ba\u00f1o                        <\/span>\n\t\t\t\t\t\t\t\t\t<\/div>\n\t\t\n                <div class=\"es-details-wrap\">\n                    <div class=\"es-details-flex\">\n                                                <span class=\"es-read-wrap\">\n                            <a href=\"http:\/\/grazzia.es\/?properties=atico-en-avenida-victimas-del-terrorismo-boadilla-valenoso\" class=\"es-button es-button-orange es-hover-show es-read\">Detalles<\/a>\n                        <\/span>\n                    <\/div>\n                <\/div>\n            <\/div>\n        <\/div>\n\n    <\/div>\n<\/div>\n                            \n<div id=\"post-17881\" class=\"properties post-17881 type-properties status-publish has-post-thumbnail hentry es_category-venta es_status-a-reformar es_type-chalet-adosado es_feature-el-pardo\">\n    <div class=\"es-property-inner\">\n        <div class=\"es-property-thumbnail\">\n            <div class=\"es-thumbnail\">\n                <a href=\"http:\/\/grazzia.es\/?properties=chalet-adosado-en-la-colonia-mingorrubio-el-pardo\">\n                                            <img loading=\"lazy\" decoding=\"async\" width=\"536\" height=\"370\" src=\"http:\/\/grazzia.es\/wp-content\/uploads\/2026\/04\/Captura-de-pantalla-2026-04-13-a-las-23.38.57-536x370.png\" class=\"attachment-es-image-size-archive size-es-image-size-archive\" alt=\"\" \/>                    \n                                            <ul class=\"es-property-label-wrap\">\n                                                                                                                                                                                                                                                                                    <li class=\"es-property-label es-property-label-4 es-property-label-hot\"\n                                        style=\"color:#ff9600\">Caliente<\/li><br>\n                                                                                                                                                                                                                                                                        <\/ul>\n                    \t                                        <div class=\"es-thumbnail-bottom\">17<\/div>\n\t                                <\/a>\n            <\/div>\n        <\/div>\n\n        <div class=\"es-property-info\">\n\n            <div class=\"es-row-view\">\n                <h2>\n                    <a href=\"http:\/\/grazzia.es\/?properties=chalet-adosado-en-la-colonia-mingorrubio-el-pardo\">CHALET ADOSADO EN LA COLONIA MINGORRUBIO ,EL PARDO<\/a>\n                    <span class=\"es-price\">560.000 \u20ac<\/span>                <\/h2>\n            <\/div>\n\n            <div class=\"es-col-view\">\n                <h2>\n                    <a class=\"es-property-link\" href=\"http:\/\/grazzia.es\/?properties=chalet-adosado-en-la-colonia-mingorrubio-el-pardo\">CHALET ADOSADO EN LA COLONIA MINGORRUBIO ,EL PARDO<\/a>\n\t                <a href='#' class='js-es-wishlist-button' data-id='17881' data-method='add'><i class='fa fa-heart-o' aria-hidden='true'><\/i><\/a>                <\/h2>\n\t            <span class=\"es-price\">560.000 \u20ac<\/span>            <\/div>\n\n\t        \n            <div class=\"es-property-content\">\n                <div class=\"es-property-excerpt\">\n\t\t            <p>\u00bfQUIERES VIVIR EN LA CASA DE TUS SUE\u00d1OS? GRAZZIA PERSONAL REAL ESTATE ofrece en exclusiva: Este fant\u00e1stico Chalet adosado ubicada en La Colonia Mingorrubio, El Pardo. \u00abSIN COMISI\u00d3N AL COMPRADOR\u00bb CARACTERISTICAS PRINCIPALES- Se trata de una vivienda de dos plantas, con 3 dormitorios y 1 ba\u00f1o y un gran patio exterior, con zona trastero y [&hellip;]<\/p>\n                <\/div>\n                <div class=\"es-property-wishlist\">\n\t\t            <a href='#' class='js-es-wishlist-button' data-id='17881' data-method='add'><i class='fa fa-heart-o' aria-hidden='true'><\/i><\/a>                <\/div>\n            <\/div>\n\n            \n            <div class=\"es-bottom-info\">\n                \t\t\t<div class=\"es-bottom-icon__list\">\t\t\t\t\t\t<span class=\"es-bottom-icon\">\n                            \t                            <span class=\"es-meta-icon es-meta-icon--area\" style=\"background-image: url(http:\/\/grazzia.es\/wp-content\/plugins\/estatik-pro_3.11.8\/assets\/images\/squirefit_icon.png);\"><\/span>\n                            \t\t\t\t\t\t\t90 m\u00b2                        <\/span>\n\t\t\t\t\t\t\t\t\t\t\t\t\t\t\t<span class=\"es-bottom-icon\">\n                            \t                            <span class=\"es-meta-icon es-meta-icon--bedrooms\" style=\"background-image: url(http:\/\/grazzia.es\/wp-content\/plugins\/estatik-pro_3.11.8\/assets\/images\/bed_icon.png);\"><\/span>\n                            \t\t\t\t\t\t\t4 \u0441uartos                        <\/span>\n\t\t\t\t\t\t\t\t\t\t\t\t\t\t\t<span class=\"es-bottom-icon\">\n                            \t                            <span class=\"es-meta-icon es-meta-icon--bathrooms\" style=\"background-image: url(http:\/\/grazzia.es\/wp-content\/plugins\/estatik-pro_3.11.8\/assets\/images\/bath_icon.png);\"><\/span>\n                            \t\t\t\t\t\t\t1 ba\u00f1o                        <\/span>\n\t\t\t\t\t\t\t\t\t<\/div>\n\t\t\n                <div class=\"es-details-wrap\">\n                    <div class=\"es-details-flex\">\n                                                <span class=\"es-read-wrap\">\n                            <a href=\"http:\/\/grazzia.es\/?properties=chalet-adosado-en-la-colonia-mingorrubio-el-pardo\" class=\"es-button es-button-orange es-hover-show es-read\">Detalles<\/a>\n                        <\/span>\n                    <\/div>\n                <\/div>\n            <\/div>\n        <\/div>\n\n    <\/div>\n<\/div>\n                            \n<div id=\"post-17848\" class=\"properties post-17848 type-properties status-publish has-post-thumbnail hentry es_category-venta es_status-bueno es_type-atico-duplex es_feature-centro-urbano\">\n    <div class=\"es-property-inner\">\n        <div class=\"es-property-thumbnail\">\n            <div class=\"es-thumbnail\">\n                <a href=\"http:\/\/grazzia.es\/?properties=17848\">\n                                            <img loading=\"lazy\" decoding=\"async\" width=\"536\" height=\"370\" src=\"http:\/\/grazzia.es\/wp-content\/uploads\/2025\/11\/ZQ5A6026-536x370.jpg\" class=\"attachment-es-image-size-archive size-es-image-size-archive\" alt=\"\" \/>                    \n                                            <ul class=\"es-property-label-wrap\">\n                                                                                                                                                                                                                                                                                                                                                                                                                                                                        <li class=\"es-property-label es-property-label-36 es-property-label-vendido\"\n                                        style=\"color:#ff40ff\">VENDIDO<\/li><br>\n                                                                                    <\/ul>\n                    \t                                        <div class=\"es-thumbnail-bottom\">28<\/div>\n\t                                <\/a>\n            <\/div>\n        <\/div>\n\n        <div class=\"es-property-info\">\n\n            <div class=\"es-row-view\">\n                <h2>\n                    <a href=\"http:\/\/grazzia.es\/?properties=17848\">ATICO DUPLEX EN GRAN VIA MAJADAHONDA<\/a>\n                    <span class=\"es-price\">580.000 \u20ac<\/span>                <\/h2>\n            <\/div>\n\n            <div class=\"es-col-view\">\n                <h2>\n                    <a class=\"es-property-link\" href=\"http:\/\/grazzia.es\/?properties=17848\">ATICO DUPLEX EN GRAN VIA MAJADAHONDA<\/a>\n\t                <a href='#' class='js-es-wishlist-button' data-id='17848' data-method='add'><i class='fa fa-heart-o' aria-hidden='true'><\/i><\/a>                <\/h2>\n\t            <span class=\"es-price\">580.000 \u20ac<\/span>            <\/div>\n\n\t        \n            <div class=\"es-property-content\">\n                <div class=\"es-property-excerpt\">\n\t\t            <p>\u00bfQUIERES VIVIR EN LA CASA DE TUS SUE\u00d1OS? GRAZZIA PERSONAL REAL ESTATE ofrece en exclusiva: Este fant\u00e1stico DUPLEX en Venta de 4 dormitorios premiun, en el centro de Majadahonda. Ubicaci\u00f3n inmejorable. \u00bb PLAZA DE GARAJE\u00bb \u00abTERRAZA DE 60 M2\u00bb \u00abSIN COMISI\u00d3N AL COMPRADOR\u00bb CARACTER\u00cdSTICAS PRINCIPALES Se trata de una vivienda muy luminosa, en un edificio [&hellip;]<\/p>\n                <\/div>\n                <div class=\"es-property-wishlist\">\n\t\t            <a href='#' class='js-es-wishlist-button' data-id='17848' data-method='add'><i class='fa fa-heart-o' aria-hidden='true'><\/i><\/a>                <\/div>\n            <\/div>\n\n            \n            <div class=\"es-bottom-info\">\n                \t\t\t<div class=\"es-bottom-icon__list\">\t\t\t\t\t\t<span class=\"es-bottom-icon\">\n                            \t                            <span class=\"es-meta-icon es-meta-icon--area\" style=\"background-image: url(http:\/\/grazzia.es\/wp-content\/plugins\/estatik-pro_3.11.8\/assets\/images\/squirefit_icon.png);\"><\/span>\n                            \t\t\t\t\t\t\t150 m\u00b2                        <\/span>\n\t\t\t\t\t\t\t\t\t\t\t\t\t\t\t<span class=\"es-bottom-icon\">\n                            \t                            <span class=\"es-meta-icon es-meta-icon--bedrooms\" style=\"background-image: url(http:\/\/grazzia.es\/wp-content\/plugins\/estatik-pro_3.11.8\/assets\/images\/bed_icon.png);\"><\/span>\n                            \t\t\t\t\t\t\t4 \u0441uartos                        <\/span>\n\t\t\t\t\t\t\t\t\t\t\t\t\t\t\t<span class=\"es-bottom-icon\">\n                            \t                            <span class=\"es-meta-icon es-meta-icon--bathrooms\" style=\"background-image: url(http:\/\/grazzia.es\/wp-content\/plugins\/estatik-pro_3.11.8\/assets\/images\/bath_icon.png);\"><\/span>\n                            \t\t\t\t\t\t\t2 ba\u00f1os                        <\/span>\n\t\t\t\t\t\t\t\t\t<\/div>\n\t\t\n                <div class=\"es-details-wrap\">\n                    <div class=\"es-details-flex\">\n                                                <span class=\"es-read-wrap\">\n                            <a href=\"http:\/\/grazzia.es\/?properties=17848\" class=\"es-button es-button-orange es-hover-show es-read\">Detalles<\/a>\n                        <\/span>\n                    <\/div>\n                <\/div>\n            <\/div>\n        <\/div>\n\n    <\/div>\n<\/div>\n                            \n<div id=\"post-17802\" class=\"properties post-17802 type-properties status-publish has-post-thumbnail hentry es_category-venta es_status-excelente es_type-atico-duplex es_feature-urbanizacion\">\n    <div class=\"es-property-inner\">\n        <div class=\"es-property-thumbnail\">\n            <div class=\"es-thumbnail\">\n                <a href=\"http:\/\/grazzia.es\/?properties=atico-duplex-en-calle-de-las-gardenias-san-jose-de-valderas\">\n                                            <img loading=\"lazy\" decoding=\"async\" width=\"536\" height=\"370\" src=\"http:\/\/grazzia.es\/wp-content\/uploads\/2025\/10\/piscina-536x370.jpg\" class=\"attachment-es-image-size-archive size-es-image-size-archive\" alt=\"\" \/>                    \n                                            <ul class=\"es-property-label-wrap\">\n                                                                                                                                                                                                                                                                                                                                                                                                                                                                        <li class=\"es-property-label es-property-label-36 es-property-label-vendido\"\n                                        style=\"color:#ff40ff\">VENDIDO<\/li><br>\n                                                                                    <\/ul>\n                    \t                                        <div class=\"es-thumbnail-bottom\">41<\/div>\n\t                                <\/a>\n            <\/div>\n        <\/div>\n\n        <div class=\"es-property-info\">\n\n            <div class=\"es-row-view\">\n                <h2>\n                    <a href=\"http:\/\/grazzia.es\/?properties=atico-duplex-en-calle-de-las-gardenias-san-jose-de-valderas\">\u00c1TICO DUPLEX EN CALLE DE LAS GARDENIAS. SAN JOS\u00c9 DE VALDERAS<\/a>\n                    <span class=\"es-price\">537.000 \u20ac<\/span>                <\/h2>\n            <\/div>\n\n            <div class=\"es-col-view\">\n                <h2>\n                    <a class=\"es-property-link\" href=\"http:\/\/grazzia.es\/?properties=atico-duplex-en-calle-de-las-gardenias-san-jose-de-valderas\">\u00c1TICO DUPLEX EN CALLE DE LAS GARDENIAS. SAN JOS\u00c9 DE VALDERAS<\/a>\n\t                <a href='#' class='js-es-wishlist-button' data-id='17802' data-method='add'><i class='fa fa-heart-o' aria-hidden='true'><\/i><\/a>                <\/h2>\n\t            <span class=\"es-price\">537.000 \u20ac<\/span>            <\/div>\n\n\t        \n            <div class=\"es-property-content\">\n                <div class=\"es-property-excerpt\">\n\t\t            <p>GRAZZIA PERSONAL REAL ESTATE ofrece en exclusiva: Este fant\u00e1stico ATICO DUPLEX en venta, de 2 dormitorios, ubicado en una de las mejores zonas residenciales de Alcorc\u00f3n. Los Castillos. \u00abSIN COMISI\u00d3N AL COMPRADOR\u00bb CARACTER\u00cdSTICAS PRINCIPALES Se trata de un \u00e1tico d\u00faplex exterior de 125 m2 aprox, en urbanizaci\u00f3n residencial con seguridad 24 horas. Es una de [&hellip;]<\/p>\n                <\/div>\n                <div class=\"es-property-wishlist\">\n\t\t            <a href='#' class='js-es-wishlist-button' data-id='17802' data-method='add'><i class='fa fa-heart-o' aria-hidden='true'><\/i><\/a>                <\/div>\n            <\/div>\n\n            \n            <div class=\"es-bottom-info\">\n                \t\t\t<div class=\"es-bottom-icon__list\">\t\t\t\t\t\t<span class=\"es-bottom-icon\">\n                            \t                            <span class=\"es-meta-icon es-meta-icon--area\" style=\"background-image: url(http:\/\/grazzia.es\/wp-content\/plugins\/estatik-pro_3.11.8\/assets\/images\/squirefit_icon.png);\"><\/span>\n                            \t\t\t\t\t\t\t125 m\u00b2                        <\/span>\n\t\t\t\t\t\t\t\t\t\t\t\t\t\t\t<span class=\"es-bottom-icon\">\n                            \t                            <span class=\"es-meta-icon es-meta-icon--bedrooms\" style=\"background-image: url(http:\/\/grazzia.es\/wp-content\/plugins\/estatik-pro_3.11.8\/assets\/images\/bed_icon.png);\"><\/span>\n                            \t\t\t\t\t\t\t2 \u0441uartos                        <\/span>\n\t\t\t\t\t\t\t\t\t\t\t\t\t\t\t<span class=\"es-bottom-icon\">\n                            \t                            <span class=\"es-meta-icon es-meta-icon--bathrooms\" style=\"background-image: url(http:\/\/grazzia.es\/wp-content\/plugins\/estatik-pro_3.11.8\/assets\/images\/bath_icon.png);\"><\/span>\n                            \t\t\t\t\t\t\t3 ba\u00f1os                        <\/span>\n\t\t\t\t\t\t\t\t\t<\/div>\n\t\t\n                <div class=\"es-details-wrap\">\n                    <div class=\"es-details-flex\">\n                                                <span class=\"es-read-wrap\">\n                            <a href=\"http:\/\/grazzia.es\/?properties=atico-duplex-en-calle-de-las-gardenias-san-jose-de-valderas\" class=\"es-button es-button-orange es-hover-show es-read\">Detalles<\/a>\n                        <\/span>\n                    <\/div>\n                <\/div>\n            <\/div>\n        <\/div>\n\n    <\/div>\n<\/div>\n                            \n<div id=\"post-17770\" class=\"properties post-17770 type-properties status-publish has-post-thumbnail hentry es_category-venta es_status-excelente es_type-piso-exterior es_feature-urbanizacion\">\n    <div class=\"es-property-inner\">\n        <div class=\"es-property-thumbnail\">\n            <div class=\"es-thumbnail\">\n                <a href=\"http:\/\/grazzia.es\/?properties=piso-en-urbanizacion-calle-penalara-pozuelo\">\n                                            <img loading=\"lazy\" decoding=\"async\" width=\"536\" height=\"370\" src=\"http:\/\/grazzia.es\/wp-content\/uploads\/2025\/10\/9-9-2020-Alvaria-Miguel_25-536x370.jpg\" class=\"attachment-es-image-size-archive size-es-image-size-archive\" alt=\"\" \/>                    \n                                            <ul class=\"es-property-label-wrap\">\n                                                                                                                                                                                                                                                                                                                                                                                                                                                                        <li class=\"es-property-label es-property-label-36 es-property-label-vendido\"\n                                        style=\"color:#ff40ff\">VENDIDO<\/li><br>\n                                                                                    <\/ul>\n                    \t                                        <div class=\"es-thumbnail-bottom\">1<\/div>\n\t                                <\/a>\n            <\/div>\n        <\/div>\n\n        <div class=\"es-property-info\">\n\n            <div class=\"es-row-view\">\n                <h2>\n                    <a href=\"http:\/\/grazzia.es\/?properties=piso-en-urbanizacion-calle-penalara-pozuelo\">PISO EN URBANIZACI\u00d3N CALLE PE\u00d1ALARA ,POZUELO<\/a>\n                    <span class=\"es-price\">415.000 \u20ac<\/span>                <\/h2>\n            <\/div>\n\n            <div class=\"es-col-view\">\n                <h2>\n                    <a class=\"es-property-link\" href=\"http:\/\/grazzia.es\/?properties=piso-en-urbanizacion-calle-penalara-pozuelo\">PISO EN URBANIZACI\u00d3N CALLE PE\u00d1ALARA ,POZUELO<\/a>\n\t                <a href='#' class='js-es-wishlist-button' data-id='17770' data-method='add'><i class='fa fa-heart-o' aria-hidden='true'><\/i><\/a>                <\/h2>\n\t            <span class=\"es-price\">415.000 \u20ac<\/span>            <\/div>\n\n\t        \n            <div class=\"es-property-content\">\n                <div class=\"es-property-excerpt\">\n\t\t            <p>\u00bfQUIERES VIVIR EN LA CASA DE TUS SUE\u00d1OS? GRAZZIA PERSONAL REAL ESTATE ofrece: Este fant\u00e1stico Piso en venta de 1 dormitorio ubicado en una de las mejores zonas residenciales de Pozuelo de Alarc\u00f3n. \u00abCONSERJE SEGURIDAD 24H\u00bb \u00abSIN COMISI\u00d3N AL COMPRADOR\u00bb CARACTER\u00cdSTICAS PRINCIPALES Se trata de una vivienda amueblada muy luminosa, en un 1\u00aa planta exterior, [&hellip;]<\/p>\n                <\/div>\n                <div class=\"es-property-wishlist\">\n\t\t            <a href='#' class='js-es-wishlist-button' data-id='17770' data-method='add'><i class='fa fa-heart-o' aria-hidden='true'><\/i><\/a>                <\/div>\n            <\/div>\n\n            \n            <div class=\"es-bottom-info\">\n                \t\t\t<div class=\"es-bottom-icon__list\">\t\t\t\t\t\t<span class=\"es-bottom-icon\">\n                            \t                            <span class=\"es-meta-icon es-meta-icon--area\" style=\"background-image: url(http:\/\/grazzia.es\/wp-content\/plugins\/estatik-pro_3.11.8\/assets\/images\/squirefit_icon.png);\"><\/span>\n                            \t\t\t\t\t\t\t70 m\u00b2                        <\/span>\n\t\t\t\t\t\t\t\t\t\t\t\t\t\t\t<span class=\"es-bottom-icon\">\n                            \t                            <span class=\"es-meta-icon es-meta-icon--bedrooms\" style=\"background-image: url(http:\/\/grazzia.es\/wp-content\/plugins\/estatik-pro_3.11.8\/assets\/images\/bed_icon.png);\"><\/span>\n                            \t\t\t\t\t\t\t1 cama                        <\/span>\n\t\t\t\t\t\t\t\t\t\t\t\t\t\t\t<span class=\"es-bottom-icon\">\n                            \t                            <span class=\"es-meta-icon es-meta-icon--bathrooms\" style=\"background-image: url(http:\/\/grazzia.es\/wp-content\/plugins\/estatik-pro_3.11.8\/assets\/images\/bath_icon.png);\"><\/span>\n                            \t\t\t\t\t\t\t1 ba\u00f1o                        <\/span>\n\t\t\t\t\t\t\t\t\t<\/div>\n\t\t\n                <div class=\"es-details-wrap\">\n                    <div class=\"es-details-flex\">\n                                                <span class=\"es-read-wrap\">\n                            <a href=\"http:\/\/grazzia.es\/?properties=piso-en-urbanizacion-calle-penalara-pozuelo\" class=\"es-button es-button-orange es-hover-show es-read\">Detalles<\/a>\n                        <\/span>\n                    <\/div>\n                <\/div>\n            <\/div>\n        <\/div>\n\n    <\/div>\n<\/div>\n                            \n<div id=\"post-17715\" class=\"properties post-17715 type-properties status-publish has-post-thumbnail hentry es_category-venta es_status-bueno es_type-piso-exterior es_feature-centro-urbano\">\n    <div class=\"es-property-inner\">\n        <div class=\"es-property-thumbnail\">\n            <div class=\"es-thumbnail\">\n                <a href=\"http:\/\/grazzia.es\/?properties=piso-en-puerta-del-angel-calle-jaime-tercero-madrid\">\n                                            <img loading=\"lazy\" decoding=\"async\" width=\"536\" height=\"370\" src=\"http:\/\/grazzia.es\/wp-content\/uploads\/2025\/10\/JAIME-TERCERO-1947-536x370.jpg\" class=\"attachment-es-image-size-archive size-es-image-size-archive\" alt=\"\" \/>                    \n                                            <ul class=\"es-property-label-wrap\">\n                                                                                                                                                                                                                                                                                                                                                                                                                                                                        <li class=\"es-property-label es-property-label-36 es-property-label-vendido\"\n                                        style=\"color:#ff40ff\">VENDIDO<\/li><br>\n                                                                                    <\/ul>\n                    \t                                        <div class=\"es-thumbnail-bottom\">33<\/div>\n\t                                <\/a>\n            <\/div>\n        <\/div>\n\n        <div class=\"es-property-info\">\n\n            <div class=\"es-row-view\">\n                <h2>\n                    <a href=\"http:\/\/grazzia.es\/?properties=piso-en-puerta-del-angel-calle-jaime-tercero-madrid\">PISO EN PUERTA DEL ANGEL, CALLE JAIME TERCERO MADRID<\/a>\n                    <span class=\"es-price\">320.000 \u20ac<\/span>                <\/h2>\n            <\/div>\n\n            <div class=\"es-col-view\">\n                <h2>\n                    <a class=\"es-property-link\" href=\"http:\/\/grazzia.es\/?properties=piso-en-puerta-del-angel-calle-jaime-tercero-madrid\">PISO EN PUERTA DEL ANGEL, CALLE JAIME TERCERO MADRID<\/a>\n\t                <a href='#' class='js-es-wishlist-button' data-id='17715' data-method='add'><i class='fa fa-heart-o' aria-hidden='true'><\/i><\/a>                <\/h2>\n\t            <span class=\"es-price\">320.000 \u20ac<\/span>            <\/div>\n\n\t        \n            <div class=\"es-property-content\">\n                <div class=\"es-property-excerpt\">\n\t\t            <p>\u00bfQUIERES VIVIR EN LA CASA DE TUS SUE\u00d1OS? GRAZZIA PERSONAL REAL ESTATE ofrece en exclusiva: Este fant\u00e1stico Piso en venta de 2 dormitorios Con una ubicaci\u00f3n espectacular, Puerta del \u00c1ngel, Madrid. Junto a Madrid Rio. \u00abSIN COMISI\u00d3N DE AGENCIA\u00bb CARACTER\u00cdSTICAS PRINCIPALES Se trata de una vivienda amueblada muy luminosa, en una 1\u00aa planta exterior sin [&hellip;]<\/p>\n                <\/div>\n                <div class=\"es-property-wishlist\">\n\t\t            <a href='#' class='js-es-wishlist-button' data-id='17715' data-method='add'><i class='fa fa-heart-o' aria-hidden='true'><\/i><\/a>                <\/div>\n            <\/div>\n\n            \n            <div class=\"es-bottom-info\">\n                \t\t\t<div class=\"es-bottom-icon__list\">\t\t\t\t\t\t<span class=\"es-bottom-icon\">\n                            \t                            <span class=\"es-meta-icon es-meta-icon--area\" style=\"background-image: url(http:\/\/grazzia.es\/wp-content\/plugins\/estatik-pro_3.11.8\/assets\/images\/squirefit_icon.png);\"><\/span>\n                            \t\t\t\t\t\t\t75 m\u00b2                        <\/span>\n\t\t\t\t\t\t\t\t\t\t\t\t\t\t\t<span class=\"es-bottom-icon\">\n                            \t                            <span class=\"es-meta-icon es-meta-icon--bedrooms\" style=\"background-image: url(http:\/\/grazzia.es\/wp-content\/plugins\/estatik-pro_3.11.8\/assets\/images\/bed_icon.png);\"><\/span>\n                            \t\t\t\t\t\t\t2 \u0441uartos                        <\/span>\n\t\t\t\t\t\t\t\t\t\t\t\t\t\t\t<span class=\"es-bottom-icon\">\n                            \t                            <span class=\"es-meta-icon es-meta-icon--bathrooms\" style=\"background-image: url(http:\/\/grazzia.es\/wp-content\/plugins\/estatik-pro_3.11.8\/assets\/images\/bath_icon.png);\"><\/span>\n                            \t\t\t\t\t\t\t1 ba\u00f1o                        <\/span>\n\t\t\t\t\t\t\t\t\t<\/div>\n\t\t\n                <div class=\"es-details-wrap\">\n                    <div class=\"es-details-flex\">\n                                                <span class=\"es-read-wrap\">\n                            <a href=\"http:\/\/grazzia.es\/?properties=piso-en-puerta-del-angel-calle-jaime-tercero-madrid\" class=\"es-button es-button-orange es-hover-show es-read\">Detalles<\/a>\n                        <\/span>\n                    <\/div>\n                <\/div>\n            <\/div>\n        <\/div>\n\n    <\/div>\n<\/div>\n                            \n<div id=\"post-17705\" class=\"properties post-17705 type-properties status-publish has-post-thumbnail hentry es_category-venta es_status-bueno es_type-chalet-adosado es_feature-urbanizacion\">\n    <div class=\"es-property-inner\">\n        <div class=\"es-property-thumbnail\">\n            <div class=\"es-thumbnail\">\n                <a href=\"http:\/\/grazzia.es\/?properties=chalet-en-urbanizacion-el-soto-calle-mazarron-las-rozas\">\n                                            <img loading=\"lazy\" decoding=\"async\" width=\"536\" height=\"370\" src=\"http:\/\/grazzia.es\/wp-content\/uploads\/2025\/10\/Captura-de-pantalla-2025-10-08-a-las-23.24.05-536x370.png\" class=\"attachment-es-image-size-archive size-es-image-size-archive\" alt=\"\" \/>                    \n                                            <ul class=\"es-property-label-wrap\">\n                                                                                                                                                                                                                                                                                                                                                                                                                                                                        <li class=\"es-property-label es-property-label-36 es-property-label-vendido\"\n                                        style=\"color:#ff40ff\">VENDIDO<\/li><br>\n                                                                                    <\/ul>\n                    \t                                        <div class=\"es-thumbnail-bottom\">9<\/div>\n\t                                <\/a>\n            <\/div>\n        <\/div>\n\n        <div class=\"es-property-info\">\n\n            <div class=\"es-row-view\">\n                <h2>\n                    <a href=\"http:\/\/grazzia.es\/?properties=chalet-en-urbanizacion-el-soto-calle-mazarron-las-rozas\">CHALET EN URBANIZACI\u00d3N EL SOTO , CALLE MAZARR\u00d3N ,LAS ROZAS<\/a>\n                    <span class=\"es-price\">640.000 \u20ac<\/span>                <\/h2>\n            <\/div>\n\n            <div class=\"es-col-view\">\n                <h2>\n                    <a class=\"es-property-link\" href=\"http:\/\/grazzia.es\/?properties=chalet-en-urbanizacion-el-soto-calle-mazarron-las-rozas\">CHALET EN URBANIZACI\u00d3N EL SOTO , CALLE MAZARR\u00d3N ,LAS ROZAS<\/a>\n\t                <a href='#' class='js-es-wishlist-button' data-id='17705' data-method='add'><i class='fa fa-heart-o' aria-hidden='true'><\/i><\/a>                <\/h2>\n\t            <span class=\"es-price\">640.000 \u20ac<\/span>            <\/div>\n\n\t        \n            <div class=\"es-property-content\">\n                <div class=\"es-property-excerpt\">\n\t\t            <p>\u00bfQUIERES VIVIR EN LA CASA DE TUS SUE\u00d1OS? GRAZZIA PERSONAL REAL ESTATE ofrece, EN EXCLUSIVA: Este fant\u00e1stico CHAL\u00c9T en VENTA de 4 dormitorios ubicado una de las mejores zonas residenciales de LAS ROZAS. \u00abSIN COMISI\u00d3N AL COMPRADOR\u00bb CARACTER\u00cdSTICAS PRINCIPALES Chalet adosado, en Urbanizaci\u00f3n cerrada, de tres plantas y amplio patio con salida directa a la [&hellip;]<\/p>\n                <\/div>\n                <div class=\"es-property-wishlist\">\n\t\t            <a href='#' class='js-es-wishlist-button' data-id='17705' data-method='add'><i class='fa fa-heart-o' aria-hidden='true'><\/i><\/a>                <\/div>\n            <\/div>\n\n            \n            <div class=\"es-bottom-info\">\n                \t\t\t<div class=\"es-bottom-icon__list\">\t\t\t\t\t\t\t\t\t\t\t\t<\/div>\n\t\t\n                <div class=\"es-details-wrap\">\n                    <div class=\"es-details-flex\">\n                                                <span class=\"es-read-wrap\">\n                            <a href=\"http:\/\/grazzia.es\/?properties=chalet-en-urbanizacion-el-soto-calle-mazarron-las-rozas\" class=\"es-button es-button-orange es-hover-show es-read\">Detalles<\/a>\n                        <\/span>\n                    <\/div>\n                <\/div>\n            <\/div>\n        <\/div>\n\n    <\/div>\n<\/div>\n                    <\/div>\n\n        \n\t<nav class=\"navigation pagination\" aria-label=\" \">\n\t\t<h2 class=\"screen-reader-text\"> <\/h2>\n\t\t<div class=\"nav-links\"><ul class='page-numbers'>\n\t<li><span aria-current=\"page\" class=\"page-numbers current\">1<\/span><\/li>\n\t<li><a class=\"page-numbers\" href=\"http:\/\/grazzia.es\/index.php\/?paged-1=2&#038;rest_route=%2Fwp%2Fv2%2Fpages%2F1196\">2<\/a><\/li>\n\t<li><a class=\"page-numbers\" href=\"http:\/\/grazzia.es\/index.php\/?paged-1=3&#038;rest_route=%2Fwp%2Fv2%2Fpages%2F1196\">3<\/a><\/li>\n\t<li><a class=\"page-numbers\" href=\"http:\/\/grazzia.es\/index.php\/?paged-1=4&#038;rest_route=%2Fwp%2Fv2%2Fpages%2F1196\">4<\/a><\/li>\n\t<li><a class=\"page-numbers\" href=\"http:\/\/grazzia.es\/index.php\/?paged-1=5&#038;rest_route=%2Fwp%2Fv2%2Fpages%2F1196\">5<\/a><\/li>\n\t<li><a class=\"next page-numbers\" href=\"http:\/\/grazzia.es\/index.php\/?paged-1=2&#038;rest_route=%2Fwp%2Fv2%2Fpages%2F1196\">Siguiente &raquo;<\/a><\/li>\n<\/ul>\n<\/div>\n\t<\/nav>    <\/div>\n    <div class=\"es-powered\">\n\t<p>\n\t\tDesarrollado por <a href=\"https:\/\/estatik.net\" target=\"_blank\"> Estatik <\/a>\t<\/p>\n<\/div>\n        <\/div>\n<p><!--more--><br \/>\n<!-- {\"type\":\"layout\",\"children\":[{\"type\":\"section\",\"props\":{\"style\":\"primary\",\"width\":\"large\",\"vertical_align\":\"middle\",\"title_position\":\"top-left\",\"title_rotation\":\"left\",\"title_breakpoint\":\"xl\",\"image_position\":\"center-center\",\"padding\":\"xsmall\"},\"children\":[{\"type\":\"row\",\"children\":[{\"type\":\"column\",\"props\":{\"position_sticky_breakpoint\":\"m\",\"image_position\":\"center-center\",\"media_overlay_gradient\":\"\"},\"children\":[{\"type\":\"headline\",\"props\":{\"title_element\":\"h1\",\"content\":\"Venta\",\"title_decoration\":\"divider\",\"title_font_family\":\"tertiary\",\"title_style\":\"h3\",\"title_color\":\"primary\"}}]}]}]},{\"type\":\"section\",\"props\":{\"style\":\"muted\",\"width\":\"default\",\"vertical_align\":\"middle\",\"title_position\":\"top-left\",\"title_rotation\":\"left\",\"title_breakpoint\":\"xl\",\"image_position\":\"center-center\"},\"children\":[{\"type\":\"row\",\"children\":[{\"type\":\"column\",\"props\":{\"position_sticky_breakpoint\":\"m\",\"image_position\":\"center-center\",\"media_overlay_gradient\":\"\"},\"children\":[{\"type\":\"html\",\"props\":{\"content\":\"[es_my_listing category=\\\"venta\\\"]\"}}]}]}]},{\"type\":\"section\",\"props\":{\"style\":\"primary\",\"width\":\"large\",\"vertical_align\":\"middle\",\"title_position\":\"top-left\",\"title_rotation\":\"left\",\"title_breakpoint\":\"xl\",\"image_position\":\"center-center\",\"padding\":\"xsmall\"},\"children\":[{\"type\":\"row\",\"children\":[{\"type\":\"column\",\"props\":{\"position_sticky_breakpoint\":\"m\",\"image_position\":\"center-center\",\"media_overlay_gradient\":\"\"},\"children\":[]}]}]}],\"version\":\"2.7.22\"} --><\/p>\n","protected":false},"excerpt":{"rendered":"<p>Venta<\/p>\n","protected":false},"author":1,"featured_media":0,"parent":0,"menu_order":0,"comment_status":"closed","ping_status":"closed","template":"","meta":{"_acf_changed":false,"footnotes":""},"class_list":["post-1196","page","type-page","status-publish","hentry"],"acf":[],"_links":{"self":[{"href":"http:\/\/grazzia.es\/index.php?rest_route=\/wp\/v2\/pages\/1196","targetHints":{"allow":["GET"]}}],"collection":[{"href":"http:\/\/grazzia.es\/index.php?rest_route=\/wp\/v2\/pages"}],"about":[{"href":"http:\/\/grazzia.es\/index.php?rest_route=\/wp\/v2\/types\/page"}],"author":[{"embeddable":true,"href":"http:\/\/grazzia.es\/index.php?rest_route=\/wp\/v2\/users\/1"}],"replies":[{"embeddable":true,"href":"http:\/\/grazzia.es\/index.php?rest_route=%2Fwp%2Fv2%2Fcomments&post=1196"}],"version-history":[{"count":4,"href":"http:\/\/grazzia.es\/index.php?rest_route=\/wp\/v2\/pages\/1196\/revisions"}],"predecessor-version":[{"id":1363,"href":"http:\/\/grazzia.es\/index.php?rest_route=\/wp\/v2\/pages\/1196\/revisions\/1363"}],"wp:attachment":[{"href":"http:\/\/grazzia.es\/index.php?rest_route=%2Fwp%2Fv2%2Fmedia&parent=1196"}],"curies":[{"name":"wp","href":"https:\/\/api.w.org\/{rel}","templated":true}]}}